{"id":234,"date":"2023-05-21T00:35:45","date_gmt":"2023-05-21T00:35:45","guid":{"rendered":"https:\/\/elmercuriomanta.ec\/?page_id=234"},"modified":"2023-06-05T21:39:29","modified_gmt":"2023-06-05T21:39:29","slug":"deporte","status":"publish","type":"page","link":"https:\/\/elmercuriomanta.ec\/index.php\/deporte\/","title":{"rendered":"Deportes"},"content":{"rendered":"\t\t<div data-elementor-type=\"wp-page\" data-elementor-id=\"234\" class=\"elementor elementor-234\" data-elementor-post-type=\"page\">\n\t\t\t\t<div data-particle_enable=\"false\" data-particle-mobile-disabled=\"false\" class=\"elementor-element elementor-element-64c74469 e-flex e-con-boxed e-con e-parent\" data-id=\"64c74469\" data-element_type=\"container\" data-e-type=\"container\">\n\t\t\t\t\t<div class=\"e-con-inner\">\n\t\t<div data-particle_enable=\"false\" data-particle-mobile-disabled=\"false\" class=\"elementor-element elementor-element-4cc8a387 e-con-full e-flex e-con e-child\" data-id=\"4cc8a387\" data-element_type=\"container\" data-e-type=\"container\">\n\t\t\t\t<div class=\"elementor-element elementor-element-1cbd0f40 elementor-widget elementor-widget-posts\" data-id=\"1cbd0f40\" data-element_type=\"widget\" data-e-type=\"widget\" data-settings=\"{&quot;full_content_row_gap&quot;:{&quot;unit&quot;:&quot;px&quot;,&quot;size&quot;:35,&quot;sizes&quot;:[]}}\" data-widget_type=\"posts.full_content\">\n\t\t\t\t<div class=\"elementor-widget-container\">\n\t\t\t\t\t\t\t<div class=\"elementor-posts-container elementor-posts elementor-posts--skin-full_content elementor-grid\" role=\"list\">\n\t\t\t\t<article class=\"elementor-post elementor-grid-item post-64598 post type-post status-publish format-standard has-post-thumbnail hentry category-deportes\" role=\"listitem\">\n\t\t\t\t<div class=\"elementor-post__text\">\n\t\t\t\t<h1 class=\"elementor-post__title\">\n\t\t\t<a href=\"https:\/\/elmercuriomanta.ec\/index.php\/2026\/04\/24\/alma-camila-palma-franco-gana-otro-campeonato-nacional-de-ajedrez\/\" >\n\t\t\t\tAlma Camila Palma Franco gana otro Campeonato Nacional de Ajedrez\t\t\t<\/a>\n\t\t<\/h1>\n\t\t\t\t<div class=\"elementor-post__meta-data\">\n\t\t\t\t\t<span class=\"elementor-post-date\">\n\t\t\tabril 24, 2026\t\t<\/span>\n\t\t\t\t<\/div>\n\t\t\n<figure class=\"wp-block-image aligncenter size-large is-resized\"><img fetchpriority=\"high\" fetchpriority=\"high\" decoding=\"async\" width=\"1024\" height=\"768\" src=\"https:\/\/elmercuriomanta.ec\/wp-content\/uploads\/2026\/04\/depor8f1-Alma-Camila-Palma-Franco-primera-en-el-podiuma-ganando-otro-campeonato-nacional-de-ajedrez-1024x768.jpg\" alt=\"\" class=\"wp-image-64599\" style=\"width:499px;height:auto\" srcset=\"https:\/\/elmercuriomanta.ec\/wp-content\/uploads\/2026\/04\/depor8f1-Alma-Camila-Palma-Franco-primera-en-el-podiuma-ganando-otro-campeonato-nacional-de-ajedrez-1024x768.jpg 1024w, https:\/\/elmercuriomanta.ec\/wp-content\/uploads\/2026\/04\/depor8f1-Alma-Camila-Palma-Franco-primera-en-el-podiuma-ganando-otro-campeonato-nacional-de-ajedrez-300x225.jpg 300w, https:\/\/elmercuriomanta.ec\/wp-content\/uploads\/2026\/04\/depor8f1-Alma-Camila-Palma-Franco-primera-en-el-podiuma-ganando-otro-campeonato-nacional-de-ajedrez-768x576.jpg 768w, https:\/\/elmercuriomanta.ec\/wp-content\/uploads\/2026\/04\/depor8f1-Alma-Camila-Palma-Franco-primera-en-el-podiuma-ganando-otro-campeonato-nacional-de-ajedrez-1536x1152.jpg 1536w, https:\/\/elmercuriomanta.ec\/wp-content\/uploads\/2026\/04\/depor8f1-Alma-Camila-Palma-Franco-primera-en-el-podiuma-ganando-otro-campeonato-nacional-de-ajedrez.jpg 1600w\" sizes=\"(max-width: 1024px) 100vw, 1024px\" \/><\/figure>\n\n\n\n<p>Desde el 15 hasta el 19 de abril se realiz\u00f3 en la ciudad de Macas el IRT Nacional de Ajedrez, Categor\u00edas Sub-8, Sub-12 y Sub-16.\u00a0\u00a0<br>\u00a0<br>El torneo fue a manera de selectivo, para escoger a los representantes de Ecuador para el Campeonato Panamericano Juvenil de ajedrez a realizarse pr\u00f3ximamente en Colombia.\u00a0\u00a0<br>\u00a0<br>La manabita, oriunda de Montecristi Alma Camila Palma Franco, ve\u00eda comprometida su participaci\u00f3n en Macas, debido a una complicaci\u00f3n en su salud, ella presentaba fuertes dolores de cabeza desde el martes 14, es decir un d\u00eda antes del campeonato, su padre trat\u00f3 de convencerla de que no viaje y que mejor se quede en casa para recuperarse, sin embargo, el deseo de Alma por ir a jugar era tan grande que le suplic\u00f3 al pap\u00e1 que la deje viajar. Junto a su t\u00eda, emprendieron el viaje a la ciudad sede, una vez ah\u00ed su salud no mejoraba, pero aun as\u00ed jug\u00f3.\u00a0\u00a0<br>\u00a0<br>Entre los\u00a0d\u00edas mi\u00e9rcoles\u00a0y jueves jug\u00f3 4 partidas y las gan\u00f3 todas, para el\u00a0d\u00eda viernes\u00a0su salud hab\u00eda mejorado y logr\u00f3 quedar campeona nacional en\u00a0Blitz\u00a0y el\u00a0d\u00eda domingo\u00a0se coron\u00f3 como campeona Nacional en la modalidad Cl\u00e1sica, con 8 triunfos de 9 partidas jugadas. Con este nuevo logro, Alma es seis veces campeona nacional del deporte ciencia. Despu\u00e9s de esta haza\u00f1a, Alma descansar\u00e1 unos d\u00edas y luego retornar\u00e1 a sus entrenamientos para asistir a la Rep\u00fablica de El Salvador donde jugar\u00e1 el Campeonato Panamericano Escolar.\u00a0\u00a0<br>\u00a0<br>Alma nos deja una valiosa lecci\u00f3n: Cuando de verdad deseas algo, tienes que luchar por aquello, incluso si tienes que vencer en el camino otras adversidades.\u00a0<\/p>\n\t\t<\/div>\n\t\t\t\t<\/article>\n\t\t\t\t<article class=\"elementor-post elementor-grid-item post-64467 post type-post status-publish format-standard has-post-thumbnail hentry category-deportes\" role=\"listitem\">\n\t\t\t\t<div class=\"elementor-post__text\">\n\t\t\t\t<h1 class=\"elementor-post__title\">\n\t\t\t<a href=\"https:\/\/elmercuriomanta.ec\/index.php\/2026\/04\/23\/lamine-yamal-sufre-una-lesion-en-el-biceps-femoral-y-se-pierde-el-resto-de-temporada-con-el-fc-barcelona\/\" >\n\t\t\t\tLamine Yamal sufre una lesi\u00f3n en el b\u00edceps femoral y se pierde el resto de temporada con el FC Barcelona\t\t\t<\/a>\n\t\t<\/h1>\n\t\t\t\t<div class=\"elementor-post__meta-data\">\n\t\t\t\t\t<span class=\"elementor-post-date\">\n\t\t\tabril 23, 2026\t\t<\/span>\n\t\t\t\t<\/div>\n\t\t\n<figure class=\"wp-block-image aligncenter size-large is-resized\"><img decoding=\"async\" width=\"1024\" height=\"683\" src=\"https:\/\/elmercuriomanta.ec\/wp-content\/uploads\/2026\/04\/image-260-1024x683.png\" alt=\"\" class=\"wp-image-64468\" style=\"aspect-ratio:1.4998388844948296;width:555px;height:auto\" srcset=\"https:\/\/elmercuriomanta.ec\/wp-content\/uploads\/2026\/04\/image-260-1024x683.png 1024w, https:\/\/elmercuriomanta.ec\/wp-content\/uploads\/2026\/04\/image-260-300x200.png 300w, https:\/\/elmercuriomanta.ec\/wp-content\/uploads\/2026\/04\/image-260-768x512.png 768w, https:\/\/elmercuriomanta.ec\/wp-content\/uploads\/2026\/04\/image-260-1536x1024.png 1536w, https:\/\/elmercuriomanta.ec\/wp-content\/uploads\/2026\/04\/image-260-2048x1366.png 2048w\" sizes=\"(max-width: 1024px) 100vw, 1024px\" \/><\/figure>\n\n\n\n<p>Lamine Yamal se lesion\u00f3 en el partido de Liga entre el FC Barcelona y el Celta, al patear un penal para marcar el gol de la victoria de su equipo 1-0.\u00a0\u00a0<br>\u00a0<br>El joven delantero del\u00a0FC Barcelona,\u00a0Lamine Yamal,\u00a0sufre una\u00a0lesi\u00f3n muscular en la pierna izquierda,\u00a0por la que se perder\u00e1 el resto de la temporada, aunque el club azulgrana conf\u00eda en que llegue al\u00a0Mundial 2026. El jugador sufre\u00a0\u00abuna lesi\u00f3n en el b\u00edceps femoral de la pierna izquierda\u00bb, de la que ser\u00e1 tratado de forma conservadora, inform\u00f3 el Barcelona este jueves en un comunicado.\u00a0\u00a0<br>\u00a0<br>\u00abLamine Yamal se perder\u00e1 lo que resta de la temporada\u00a0y est\u00e1 previsto que est\u00e9 disponible para la disputa del Mundial\u00bb, a\u00f1adi\u00f3 el club azulgrana. El joven prodigio del Barcelona se lesion\u00f3 el mi\u00e9rcoles en el partido de Liga contra el Celta al patear un penal\u00a0para marcar el gol de la victoria de su equipo 1-0.\u00a0Lamine Yamal ni siquiera celebr\u00f3 el tanto, sino que se tir\u00f3 al suelo y\u00a0pidi\u00f3 la ayuda de los m\u00e9dicos con cara seria.\u00a0\u00a0<br>Tras el partido,\u00a0el entrenador del Bar\u00e7a\u00a0Hansi\u00a0Flick\u00a0se mostraba preocupado, pero remit\u00eda a las pruebas de este jueves. \u00abCreo que hay algo porque \u00e9l se not\u00f3 algo\u00a0y creo que despu\u00e9s del gol no habr\u00eda dejado el campo sin motivo\u00bb, dijo tras el partido el t\u00e9cnico alem\u00e1n.\u00a0\u00abEspero que no sea muy grave, pero tenemos que esperar\u00bb, a\u00f1adi\u00f3. El Bar\u00e7a que lidera la Liga con nueve puntos de ventaja sobre el Real Madrid, segundo clasificado, tendr\u00e1 que encarar las \u00faltimas seis jornadas de campeonato sin su delantero estrella.\u00a0\u00a0<br>\u00a0<br>Descartado para el final de Liga,\u00a0los focos se centran en la presencia de Lamine Yamal en el Mundial de Canad\u00e1, Estados Unidos y M\u00e9xico. Espa\u00f1a tiene previsto concentrarse a finales de mayo, una vez que finalice la actual temporada liguera el 24 de mayo.\u00a0<\/p>\n\t\t<\/div>\n\t\t\t\t<\/article>\n\t\t\t\t<\/div>\n\t\t\n\t\t\t\t\t\t<\/div>\n\t\t\t\t<\/div>\n\t\t\t\t<div class=\"elementor-element elementor-element-3474d0ad elementor-widget elementor-widget-heading\" data-id=\"3474d0ad\" data-element_type=\"widget\" data-e-type=\"widget\" data-widget_type=\"heading.default\">\n\t\t\t\t<div class=\"elementor-widget-container\">\n\t\t\t\t\t<h2 class=\"elementor-heading-title elementor-size-default\">M\u00c1S DEPORTES<\/h2>\t\t\t\t<\/div>\n\t\t\t\t<\/div>\n\t\t\t\t<div class=\"elementor-element elementor-element-78320e78 elementor-posts--thumbnail-none elementor-grid-3 elementor-grid-tablet-2 elementor-grid-mobile-1 elementor-widget elementor-widget-posts\" data-id=\"78320e78\" data-element_type=\"widget\" data-e-type=\"widget\" data-settings=\"{&quot;pagination_type&quot;:&quot;numbers_and_prev_next&quot;,&quot;classic_columns&quot;:&quot;3&quot;,&quot;classic_columns_tablet&quot;:&quot;2&quot;,&quot;classic_columns_mobile&quot;:&quot;1&quot;,&quot;classic_row_gap&quot;:{&quot;unit&quot;:&quot;px&quot;,&quot;size&quot;:35,&quot;sizes&quot;:[]},&quot;classic_row_gap_tablet&quot;:{&quot;unit&quot;:&quot;px&quot;,&quot;size&quot;:&quot;&quot;,&quot;sizes&quot;:[]},&quot;classic_row_gap_mobile&quot;:{&quot;unit&quot;:&quot;px&quot;,&quot;size&quot;:&quot;&quot;,&quot;sizes&quot;:[]}}\" data-widget_type=\"posts.classic\">\n\t\t\t\t<div class=\"elementor-widget-container\">\n\t\t\t\t\t\t\t<div class=\"elementor-posts-container elementor-posts elementor-posts--skin-classic elementor-grid\" role=\"list\">\n\t\t\t\t<article class=\"elementor-post elementor-grid-item post-64598 post type-post status-publish format-standard has-post-thumbnail hentry category-deportes\" role=\"listitem\">\n\t\t\t\t<div class=\"elementor-post__text\">\n\t\t\t\t<h3 class=\"elementor-post__title\">\n\t\t\t<a href=\"https:\/\/elmercuriomanta.ec\/index.php\/2026\/04\/24\/alma-camila-palma-franco-gana-otro-campeonato-nacional-de-ajedrez\/\" >\n\t\t\t\tAlma Camila Palma Franco gana otro Campeonato Nacional de Ajedrez\t\t\t<\/a>\n\t\t<\/h3>\n\t\t\t\t<div class=\"elementor-post__meta-data\">\n\t\t\t\t\t<span class=\"elementor-post-date\">\n\t\t\tabril 24, 2026\t\t<\/span>\n\t\t\t\t<span class=\"elementor-post-avatar\">\n\t\t\tNo hay comentarios\t\t<\/span>\n\t\t\t\t<\/div>\n\t\t\n\t\t<a class=\"elementor-post__read-more\" href=\"https:\/\/elmercuriomanta.ec\/index.php\/2026\/04\/24\/alma-camila-palma-franco-gana-otro-campeonato-nacional-de-ajedrez\/\" aria-label=\"Read more about Alma Camila Palma Franco gana otro Campeonato Nacional de Ajedrez\" tabindex=\"-1\" >\n\t\t\tLeer m\u00e1s \u00bb\t\t<\/a>\n\n\t\t\t\t<\/div>\n\t\t\t\t<\/article>\n\t\t\t\t<article class=\"elementor-post elementor-grid-item post-64467 post type-post status-publish format-standard has-post-thumbnail hentry category-deportes\" role=\"listitem\">\n\t\t\t\t<div class=\"elementor-post__text\">\n\t\t\t\t<h3 class=\"elementor-post__title\">\n\t\t\t<a href=\"https:\/\/elmercuriomanta.ec\/index.php\/2026\/04\/23\/lamine-yamal-sufre-una-lesion-en-el-biceps-femoral-y-se-pierde-el-resto-de-temporada-con-el-fc-barcelona\/\" >\n\t\t\t\tLamine Yamal sufre una lesi\u00f3n en el b\u00edceps femoral y se pierde el resto de temporada con el FC Barcelona\t\t\t<\/a>\n\t\t<\/h3>\n\t\t\t\t<div class=\"elementor-post__meta-data\">\n\t\t\t\t\t<span class=\"elementor-post-date\">\n\t\t\tabril 23, 2026\t\t<\/span>\n\t\t\t\t<span class=\"elementor-post-avatar\">\n\t\t\tNo hay comentarios\t\t<\/span>\n\t\t\t\t<\/div>\n\t\t\n\t\t<a class=\"elementor-post__read-more\" href=\"https:\/\/elmercuriomanta.ec\/index.php\/2026\/04\/23\/lamine-yamal-sufre-una-lesion-en-el-biceps-femoral-y-se-pierde-el-resto-de-temporada-con-el-fc-barcelona\/\" aria-label=\"Read more about Lamine Yamal sufre una lesi\u00f3n en el b\u00edceps femoral y se pierde el resto de temporada con el FC Barcelona\" tabindex=\"-1\" >\n\t\t\tLeer m\u00e1s \u00bb\t\t<\/a>\n\n\t\t\t\t<\/div>\n\t\t\t\t<\/article>\n\t\t\t\t<article class=\"elementor-post elementor-grid-item post-64343 post type-post status-publish format-standard has-post-thumbnail hentry category-deportes\" role=\"listitem\">\n\t\t\t\t<div class=\"elementor-post__text\">\n\t\t\t\t<h3 class=\"elementor-post__title\">\n\t\t\t<a href=\"https:\/\/elmercuriomanta.ec\/index.php\/2026\/04\/21\/la-final-del-mundial-tendra-espectaculo-de-medio-tiempo\/\" >\n\t\t\t\tLA FINAL DEL MUNDIAL TENDR\u00c1 ESPECT\u00c1CULO DE MEDIO TIEMPO\t\t\t<\/a>\n\t\t<\/h3>\n\t\t\t\t<div class=\"elementor-post__meta-data\">\n\t\t\t\t\t<span class=\"elementor-post-date\">\n\t\t\tabril 21, 2026\t\t<\/span>\n\t\t\t\t<span class=\"elementor-post-avatar\">\n\t\t\tNo hay comentarios\t\t<\/span>\n\t\t\t\t<\/div>\n\t\t\n\t\t<a class=\"elementor-post__read-more\" href=\"https:\/\/elmercuriomanta.ec\/index.php\/2026\/04\/21\/la-final-del-mundial-tendra-espectaculo-de-medio-tiempo\/\" aria-label=\"Read more about LA FINAL DEL MUNDIAL TENDR\u00c1 ESPECT\u00c1CULO DE MEDIO TIEMPO\" tabindex=\"-1\" >\n\t\t\tLeer m\u00e1s \u00bb\t\t<\/a>\n\n\t\t\t\t<\/div>\n\t\t\t\t<\/article>\n\t\t\t\t<article class=\"elementor-post elementor-grid-item post-64340 post type-post status-publish format-standard has-post-thumbnail hentry category-deportes\" role=\"listitem\">\n\t\t\t\t<div class=\"elementor-post__text\">\n\t\t\t\t<h3 class=\"elementor-post__title\">\n\t\t\t<a href=\"https:\/\/elmercuriomanta.ec\/index.php\/2026\/04\/21\/michael-ayovi-ficha-por-el-equipo-reserva-del-charlotte-fc\/\" >\n\t\t\t\tMICHAEL AYOV\u00cd FICHA POR EL EQUIPO RESERVA DEL CHARLOTTE FC\t\t\t<\/a>\n\t\t<\/h3>\n\t\t\t\t<div class=\"elementor-post__meta-data\">\n\t\t\t\t\t<span class=\"elementor-post-date\">\n\t\t\tabril 21, 2026\t\t<\/span>\n\t\t\t\t<span class=\"elementor-post-avatar\">\n\t\t\tNo hay comentarios\t\t<\/span>\n\t\t\t\t<\/div>\n\t\t\n\t\t<a class=\"elementor-post__read-more\" href=\"https:\/\/elmercuriomanta.ec\/index.php\/2026\/04\/21\/michael-ayovi-ficha-por-el-equipo-reserva-del-charlotte-fc\/\" aria-label=\"Read more about MICHAEL AYOV\u00cd FICHA POR EL EQUIPO RESERVA DEL CHARLOTTE FC\" tabindex=\"-1\" >\n\t\t\tLeer m\u00e1s \u00bb\t\t<\/a>\n\n\t\t\t\t<\/div>\n\t\t\t\t<\/article>\n\t\t\t\t<article class=\"elementor-post elementor-grid-item post-64336 post type-post status-publish format-standard has-post-thumbnail hentry category-deportes\" role=\"listitem\">\n\t\t\t\t<div class=\"elementor-post__text\">\n\t\t\t\t<h3 class=\"elementor-post__title\">\n\t\t\t<a href=\"https:\/\/elmercuriomanta.ec\/index.php\/2026\/04\/21\/fifa-cuestiona-el-alza-del-tren-para-el-mundial\/\" >\n\t\t\t\tFIFA CUESTIONA EL ALZA DEL TREN PARA EL MUNDIAL\t\t\t<\/a>\n\t\t<\/h3>\n\t\t\t\t<div class=\"elementor-post__meta-data\">\n\t\t\t\t\t<span class=\"elementor-post-date\">\n\t\t\tabril 21, 2026\t\t<\/span>\n\t\t\t\t<span class=\"elementor-post-avatar\">\n\t\t\tNo hay comentarios\t\t<\/span>\n\t\t\t\t<\/div>\n\t\t\n\t\t<a class=\"elementor-post__read-more\" href=\"https:\/\/elmercuriomanta.ec\/index.php\/2026\/04\/21\/fifa-cuestiona-el-alza-del-tren-para-el-mundial\/\" aria-label=\"Read more about FIFA CUESTIONA EL ALZA DEL TREN PARA EL MUNDIAL\" tabindex=\"-1\" >\n\t\t\tLeer m\u00e1s \u00bb\t\t<\/a>\n\n\t\t\t\t<\/div>\n\t\t\t\t<\/article>\n\t\t\t\t<article class=\"elementor-post elementor-grid-item post-64320 post type-post status-publish format-standard has-post-thumbnail hentry category-deportes\" role=\"listitem\">\n\t\t\t\t<div class=\"elementor-post__text\">\n\t\t\t\t<h3 class=\"elementor-post__title\">\n\t\t\t<a href=\"https:\/\/elmercuriomanta.ec\/index.php\/2026\/04\/21\/christian-aleman-rescindio-su-contrato-con-el-bolivar-por-motivos-personales\/\" >\n\t\t\t\tChristian Alem\u00e1n rescindi\u00f3 su contrato con el Bol\u00edvar por motivos personales\t\t\t<\/a>\n\t\t<\/h3>\n\t\t\t\t<div class=\"elementor-post__meta-data\">\n\t\t\t\t\t<span class=\"elementor-post-date\">\n\t\t\tabril 21, 2026\t\t<\/span>\n\t\t\t\t<span class=\"elementor-post-avatar\">\n\t\t\tNo hay comentarios\t\t<\/span>\n\t\t\t\t<\/div>\n\t\t\n\t\t<a class=\"elementor-post__read-more\" href=\"https:\/\/elmercuriomanta.ec\/index.php\/2026\/04\/21\/christian-aleman-rescindio-su-contrato-con-el-bolivar-por-motivos-personales\/\" aria-label=\"Read more about Christian Alem\u00e1n rescindi\u00f3 su contrato con el Bol\u00edvar por motivos personales\" tabindex=\"-1\" >\n\t\t\tLeer m\u00e1s \u00bb\t\t<\/a>\n\n\t\t\t\t<\/div>\n\t\t\t\t<\/article>\n\t\t\t\t<\/div>\n\t\t\n\t\t\t\t<div class=\"e-load-more-anchor\" data-page=\"1\" data-max-page=\"257\" data-next-page=\"https:\/\/elmercuriomanta.ec\/index.php\/wp-json\/wp\/v2\/pages\/234\/page\/2\/\"><\/div>\n\t\t\t\t<nav class=\"elementor-pagination\" aria-label=\"Pagination\">\n\t\t\t<span class=\"page-numbers prev\">&laquo; Previous<\/span>\n<span aria-current=\"page\" class=\"page-numbers current\"><span class=\"elementor-screen-only\">Page<\/span>1<\/span>\n<a class=\"page-numbers\" href=\"https:\/\/elmercuriomanta.ec\/index.php\/wp-json\/wp\/v2\/pages\/234\/page\/2\/\"><span class=\"elementor-screen-only\">Page<\/span>2<\/a>\n<a class=\"page-numbers\" href=\"https:\/\/elmercuriomanta.ec\/index.php\/wp-json\/wp\/v2\/pages\/234\/page\/3\/\"><span class=\"elementor-screen-only\">Page<\/span>3<\/a>\n<span class=\"page-numbers dots\">&hellip;<\/span>\n<a class=\"page-numbers\" href=\"https:\/\/elmercuriomanta.ec\/index.php\/wp-json\/wp\/v2\/pages\/234\/page\/257\/\"><span class=\"elementor-screen-only\">Page<\/span>257<\/a>\n<a class=\"page-numbers next\" href=\"https:\/\/elmercuriomanta.ec\/index.php\/wp-json\/wp\/v2\/pages\/234\/page\/2\/\">Next &raquo;<\/a>\t\t<\/nav>\n\t\t\t\t\t\t<\/div>\n\t\t\t\t<\/div>\n\t\t\t\t<\/div>\n\t\t<div data-particle_enable=\"false\" data-particle-mobile-disabled=\"false\" class=\"elementor-element elementor-element-11934da4 e-con-full e-flex e-con e-child\" data-id=\"11934da4\" data-element_type=\"container\" data-e-type=\"container\">\n\t\t\t\t<div class=\"elementor-element elementor-element-7ba265a7 elementor-widget elementor-widget-heading\" data-id=\"7ba265a7\" data-element_type=\"widget\" data-e-type=\"widget\" data-widget_type=\"heading.default\">\n\t\t\t\t<div class=\"elementor-widget-container\">\n\t\t\t\t\t<h2 class=\"elementor-heading-title elementor-size-default\">M\u00c1S NOTICIAS<\/h2>\t\t\t\t<\/div>\n\t\t\t\t<\/div>\n\t\t\t\t<div class=\"elementor-element elementor-element-5330ae40 elementor-grid-1 elementor-grid-tablet-2 elementor-grid-mobile-1 elementor-posts--thumbnail-top elementor-card-shadow-yes elementor-posts__hover-gradient elementor-widget elementor-widget-posts\" data-id=\"5330ae40\" data-element_type=\"widget\" data-e-type=\"widget\" data-settings=\"{&quot;cards_columns&quot;:&quot;1&quot;,&quot;cards_columns_tablet&quot;:&quot;2&quot;,&quot;cards_columns_mobile&quot;:&quot;1&quot;,&quot;cards_row_gap&quot;:{&quot;unit&quot;:&quot;px&quot;,&quot;size&quot;:35,&quot;sizes&quot;:[]},&quot;cards_row_gap_tablet&quot;:{&quot;unit&quot;:&quot;px&quot;,&quot;size&quot;:&quot;&quot;,&quot;sizes&quot;:[]},&quot;cards_row_gap_mobile&quot;:{&quot;unit&quot;:&quot;px&quot;,&quot;size&quot;:&quot;&quot;,&quot;sizes&quot;:[]}}\" data-widget_type=\"posts.cards\">\n\t\t\t\t<div class=\"elementor-widget-container\">\n\t\t\t\t\t\t\t<div class=\"elementor-posts-container elementor-posts elementor-posts--skin-cards elementor-grid\" role=\"list\">\n\t\t\t\t<article class=\"elementor-post elementor-grid-item post-64604 post type-post status-publish format-standard has-post-thumbnail hentry category-cronica\" role=\"listitem\">\n\t\t\t<div class=\"elementor-post__card\">\n\t\t\t\t<a class=\"elementor-post__thumbnail__link\" href=\"https:\/\/elmercuriomanta.ec\/index.php\/2026\/04\/24\/asesinan-al-propietario-de-un-laboratorio-clinico-en-la-ciudad-de-portoviejo\/\" tabindex=\"-1\" ><div class=\"elementor-post__thumbnail\"><img decoding=\"async\" width=\"300\" height=\"200\" src=\"https:\/\/elmercuriomanta.ec\/wp-content\/uploads\/2026\/04\/image-293-300x200.png\" class=\"attachment-medium size-medium wp-image-64605\" alt=\"\" srcset=\"https:\/\/elmercuriomanta.ec\/wp-content\/uploads\/2026\/04\/image-293-300x200.png 300w, https:\/\/elmercuriomanta.ec\/wp-content\/uploads\/2026\/04\/image-293-1024x683.png 1024w, https:\/\/elmercuriomanta.ec\/wp-content\/uploads\/2026\/04\/image-293-768x512.png 768w, https:\/\/elmercuriomanta.ec\/wp-content\/uploads\/2026\/04\/image-293.png 1200w\" sizes=\"(max-width: 300px) 100vw, 300px\" \/><\/div><\/a>\n\t\t\t\t<div class=\"elementor-post__badge\">Cr\u00f3nica<\/div>\n\t\t\t\t<div class=\"elementor-post__text\">\n\t\t\t\t<h3 class=\"elementor-post__title\">\n\t\t\t<a href=\"https:\/\/elmercuriomanta.ec\/index.php\/2026\/04\/24\/asesinan-al-propietario-de-un-laboratorio-clinico-en-la-ciudad-de-portoviejo\/\" >\n\t\t\t\tAsesinan al propietario de un laboratorio cl\u00ednico en la ciudad de Portoviejo\t\t\t<\/a>\n\t\t<\/h3>\n\t\t\t\t<div class=\"elementor-post__excerpt\">\n\t\t\t<p>Javier Mej\u00eda fue asesinado a tiros este jueves dentro de su laboratorio en el centro de Portoviejo tras el ingreso de desconocidos.\u00a0<\/p>\n\t\t<\/div>\n\t\t\n\t\t<a class=\"elementor-post__read-more\" href=\"https:\/\/elmercuriomanta.ec\/index.php\/2026\/04\/24\/asesinan-al-propietario-de-un-laboratorio-clinico-en-la-ciudad-de-portoviejo\/\" aria-label=\"Read more about Asesinan al propietario de un laboratorio cl\u00ednico en la ciudad de Portoviejo\" tabindex=\"-1\" >\n\t\t\tLeer m\u00e1s \u00bb\t\t<\/a>\n\n\t\t\t\t<\/div>\n\t\t\t\t<div class=\"elementor-post__meta-data\">\n\t\t\t\t\t<span class=\"elementor-post-date\">\n\t\t\tabril 24, 2026\t\t<\/span>\n\t\t\t\t<\/div>\n\t\t\t\t\t<\/div>\n\t\t<\/article>\n\t\t\t\t<article class=\"elementor-post elementor-grid-item post-64601 post type-post status-publish format-standard has-post-thumbnail hentry category-cronica\" role=\"listitem\">\n\t\t\t<div class=\"elementor-post__card\">\n\t\t\t\t<a class=\"elementor-post__thumbnail__link\" href=\"https:\/\/elmercuriomanta.ec\/index.php\/2026\/04\/24\/frustran-entrega-de-terreno-por-extorsion-y-detienen-a-tres-sospechosos-en-la-notaria\/\" tabindex=\"-1\" ><div class=\"elementor-post__thumbnail\"><img loading=\"lazy\" decoding=\"async\" width=\"300\" height=\"225\" src=\"https:\/\/elmercuriomanta.ec\/wp-content\/uploads\/2026\/04\/image-292-300x225.png\" class=\"attachment-medium size-medium wp-image-64602\" alt=\"\" srcset=\"https:\/\/elmercuriomanta.ec\/wp-content\/uploads\/2026\/04\/image-292-300x225.png 300w, https:\/\/elmercuriomanta.ec\/wp-content\/uploads\/2026\/04\/image-292-768x576.png 768w, https:\/\/elmercuriomanta.ec\/wp-content\/uploads\/2026\/04\/image-292.png 893w\" sizes=\"(max-width: 300px) 100vw, 300px\" \/><\/div><\/a>\n\t\t\t\t<div class=\"elementor-post__badge\">Cr\u00f3nica<\/div>\n\t\t\t\t<div class=\"elementor-post__text\">\n\t\t\t\t<h3 class=\"elementor-post__title\">\n\t\t\t<a href=\"https:\/\/elmercuriomanta.ec\/index.php\/2026\/04\/24\/frustran-entrega-de-terreno-por-extorsion-y-detienen-a-tres-sospechosos-en-la-notaria\/\" >\n\t\t\t\tFrustran entrega de terreno por extorsi\u00f3n y detienen a tres sospechosos en la notar\u00eda\t\t\t<\/a>\n\t\t<\/h3>\n\t\t\t\t<div class=\"elementor-post__excerpt\">\n\t\t\t<p>En un operativo de la Unidad Nacional Antisecuestros y Extorsi\u00f3n (UNASE), la Polic\u00eda captur\u00f3 a tres presuntos extorsionadores en Los Bajos de Montecristi, distrito Manta, Manab\u00ed.\u00a0\u00a0<\/p>\n\t\t<\/div>\n\t\t\n\t\t<a class=\"elementor-post__read-more\" href=\"https:\/\/elmercuriomanta.ec\/index.php\/2026\/04\/24\/frustran-entrega-de-terreno-por-extorsion-y-detienen-a-tres-sospechosos-en-la-notaria\/\" aria-label=\"Read more about Frustran entrega de terreno por extorsi\u00f3n y detienen a tres sospechosos en la notar\u00eda\" tabindex=\"-1\" >\n\t\t\tLeer m\u00e1s \u00bb\t\t<\/a>\n\n\t\t\t\t<\/div>\n\t\t\t\t<div class=\"elementor-post__meta-data\">\n\t\t\t\t\t<span class=\"elementor-post-date\">\n\t\t\tabril 24, 2026\t\t<\/span>\n\t\t\t\t<\/div>\n\t\t\t\t\t<\/div>\n\t\t<\/article>\n\t\t\t\t<article class=\"elementor-post elementor-grid-item post-64598 post type-post status-publish format-standard has-post-thumbnail hentry category-deportes\" role=\"listitem\">\n\t\t\t<div class=\"elementor-post__card\">\n\t\t\t\t<a class=\"elementor-post__thumbnail__link\" href=\"https:\/\/elmercuriomanta.ec\/index.php\/2026\/04\/24\/alma-camila-palma-franco-gana-otro-campeonato-nacional-de-ajedrez\/\" tabindex=\"-1\" ><div class=\"elementor-post__thumbnail\"><img loading=\"lazy\" decoding=\"async\" width=\"300\" height=\"225\" src=\"https:\/\/elmercuriomanta.ec\/wp-content\/uploads\/2026\/04\/depor8f1-Alma-Camila-Palma-Franco-primera-en-el-podiuma-ganando-otro-campeonato-nacional-de-ajedrez-300x225.jpg\" class=\"attachment-medium size-medium wp-image-64599\" alt=\"\" srcset=\"https:\/\/elmercuriomanta.ec\/wp-content\/uploads\/2026\/04\/depor8f1-Alma-Camila-Palma-Franco-primera-en-el-podiuma-ganando-otro-campeonato-nacional-de-ajedrez-300x225.jpg 300w, https:\/\/elmercuriomanta.ec\/wp-content\/uploads\/2026\/04\/depor8f1-Alma-Camila-Palma-Franco-primera-en-el-podiuma-ganando-otro-campeonato-nacional-de-ajedrez-1024x768.jpg 1024w, https:\/\/elmercuriomanta.ec\/wp-content\/uploads\/2026\/04\/depor8f1-Alma-Camila-Palma-Franco-primera-en-el-podiuma-ganando-otro-campeonato-nacional-de-ajedrez-768x576.jpg 768w, https:\/\/elmercuriomanta.ec\/wp-content\/uploads\/2026\/04\/depor8f1-Alma-Camila-Palma-Franco-primera-en-el-podiuma-ganando-otro-campeonato-nacional-de-ajedrez-1536x1152.jpg 1536w, https:\/\/elmercuriomanta.ec\/wp-content\/uploads\/2026\/04\/depor8f1-Alma-Camila-Palma-Franco-primera-en-el-podiuma-ganando-otro-campeonato-nacional-de-ajedrez.jpg 1600w\" sizes=\"(max-width: 300px) 100vw, 300px\" \/><\/div><\/a>\n\t\t\t\t<div class=\"elementor-post__badge\">Deportes<\/div>\n\t\t\t\t<div class=\"elementor-post__text\">\n\t\t\t\t<h3 class=\"elementor-post__title\">\n\t\t\t<a href=\"https:\/\/elmercuriomanta.ec\/index.php\/2026\/04\/24\/alma-camila-palma-franco-gana-otro-campeonato-nacional-de-ajedrez\/\" >\n\t\t\t\tAlma Camila Palma Franco gana otro Campeonato Nacional de Ajedrez\t\t\t<\/a>\n\t\t<\/h3>\n\t\t\t\t<div class=\"elementor-post__excerpt\">\n\t\t\t<p>Desde el 15 hasta el 19 de abril se realiz\u00f3 en la ciudad de Macas el IRT Nacional de Ajedrez, Categor\u00edas Sub-8, Sub-12 y Sub-16.\u00a0<\/p>\n\t\t<\/div>\n\t\t\n\t\t<a class=\"elementor-post__read-more\" href=\"https:\/\/elmercuriomanta.ec\/index.php\/2026\/04\/24\/alma-camila-palma-franco-gana-otro-campeonato-nacional-de-ajedrez\/\" aria-label=\"Read more about Alma Camila Palma Franco gana otro Campeonato Nacional de Ajedrez\" tabindex=\"-1\" >\n\t\t\tLeer m\u00e1s \u00bb\t\t<\/a>\n\n\t\t\t\t<\/div>\n\t\t\t\t<div class=\"elementor-post__meta-data\">\n\t\t\t\t\t<span class=\"elementor-post-date\">\n\t\t\tabril 24, 2026\t\t<\/span>\n\t\t\t\t<\/div>\n\t\t\t\t\t<\/div>\n\t\t<\/article>\n\t\t\t\t<article class=\"elementor-post elementor-grid-item post-64595 post type-post status-publish format-standard has-post-thumbnail hentry category-internacional\" role=\"listitem\">\n\t\t\t<div class=\"elementor-post__card\">\n\t\t\t\t<a class=\"elementor-post__thumbnail__link\" href=\"https:\/\/elmercuriomanta.ec\/index.php\/2026\/04\/24\/exreina-es-asesinada-dentro-de-uno-de-los-barrios-mas-ricos-de-la-ciudad-de-mexico\/\" tabindex=\"-1\" ><div class=\"elementor-post__thumbnail\"><img loading=\"lazy\" decoding=\"async\" width=\"300\" height=\"167\" src=\"https:\/\/elmercuriomanta.ec\/wp-content\/uploads\/2026\/04\/image-291-300x167.png\" class=\"attachment-medium size-medium wp-image-64596\" alt=\"\" srcset=\"https:\/\/elmercuriomanta.ec\/wp-content\/uploads\/2026\/04\/image-291-300x167.png 300w, https:\/\/elmercuriomanta.ec\/wp-content\/uploads\/2026\/04\/image-291-1024x572.png 1024w, https:\/\/elmercuriomanta.ec\/wp-content\/uploads\/2026\/04\/image-291-768x429.png 768w, https:\/\/elmercuriomanta.ec\/wp-content\/uploads\/2026\/04\/image-291-1536x857.png 1536w, https:\/\/elmercuriomanta.ec\/wp-content\/uploads\/2026\/04\/image-291-2048x1143.png 2048w\" sizes=\"(max-width: 300px) 100vw, 300px\" \/><\/div><\/a>\n\t\t\t\t<div class=\"elementor-post__badge\">Internacional<\/div>\n\t\t\t\t<div class=\"elementor-post__text\">\n\t\t\t\t<h3 class=\"elementor-post__title\">\n\t\t\t<a href=\"https:\/\/elmercuriomanta.ec\/index.php\/2026\/04\/24\/exreina-es-asesinada-dentro-de-uno-de-los-barrios-mas-ricos-de-la-ciudad-de-mexico\/\" >\n\t\t\t\tExreina es asesinada\u00a0dentro de\u00a0uno de los barrios m\u00e1s ricos de la Ciudad de M\u00e9xico\t\t\t<\/a>\n\t\t<\/h3>\n\t\t\t\t<div class=\"elementor-post__excerpt\">\n\t\t\t<p>La\u00a0Fiscal\u00eda General\u00a0de Justicia de Ciudad de M\u00e9xico confirm\u00f3 que investiga como feminicidio la muerte de Carolina Flores, una joven de 27 a\u00f1os y exreina de la belleza de Baja California, que fue hallada muerta hace una semana, en un crimen en el que las autoridades tienen como sospechosa a la suegra de la v\u00edctima.\u00a0<\/p>\n\t\t<\/div>\n\t\t\n\t\t<a class=\"elementor-post__read-more\" href=\"https:\/\/elmercuriomanta.ec\/index.php\/2026\/04\/24\/exreina-es-asesinada-dentro-de-uno-de-los-barrios-mas-ricos-de-la-ciudad-de-mexico\/\" aria-label=\"Read more about Exreina es asesinada\u00a0dentro de\u00a0uno de los barrios m\u00e1s ricos de la Ciudad de M\u00e9xico\" tabindex=\"-1\" >\n\t\t\tLeer m\u00e1s \u00bb\t\t<\/a>\n\n\t\t\t\t<\/div>\n\t\t\t\t<div class=\"elementor-post__meta-data\">\n\t\t\t\t\t<span class=\"elementor-post-date\">\n\t\t\tabril 24, 2026\t\t<\/span>\n\t\t\t\t<\/div>\n\t\t\t\t\t<\/div>\n\t\t<\/article>\n\t\t\t\t<article class=\"elementor-post elementor-grid-item post-64589 post type-post status-publish format-standard has-post-thumbnail hentry category-internacional\" role=\"listitem\">\n\t\t\t<div class=\"elementor-post__card\">\n\t\t\t\t<a class=\"elementor-post__thumbnail__link\" href=\"https:\/\/elmercuriomanta.ec\/index.php\/2026\/04\/24\/la-junta-de-accionistas-de-warner-bros-aprueba-el-acuerdo-de-fusion-con-parnamount-skydance\/\" tabindex=\"-1\" ><div class=\"elementor-post__thumbnail\"><img loading=\"lazy\" decoding=\"async\" width=\"300\" height=\"200\" src=\"https:\/\/elmercuriomanta.ec\/wp-content\/uploads\/2026\/04\/image-290-300x200.png\" class=\"attachment-medium size-medium wp-image-64590\" alt=\"\" srcset=\"https:\/\/elmercuriomanta.ec\/wp-content\/uploads\/2026\/04\/image-290-300x200.png 300w, https:\/\/elmercuriomanta.ec\/wp-content\/uploads\/2026\/04\/image-290-1024x683.png 1024w, https:\/\/elmercuriomanta.ec\/wp-content\/uploads\/2026\/04\/image-290-768x512.png 768w, https:\/\/elmercuriomanta.ec\/wp-content\/uploads\/2026\/04\/image-290-1536x1024.png 1536w, https:\/\/elmercuriomanta.ec\/wp-content\/uploads\/2026\/04\/image-290.png 1920w\" sizes=\"(max-width: 300px) 100vw, 300px\" \/><\/div><\/a>\n\t\t\t\t<div class=\"elementor-post__badge\">Internacional<\/div>\n\t\t\t\t<div class=\"elementor-post__text\">\n\t\t\t\t<h3 class=\"elementor-post__title\">\n\t\t\t<a href=\"https:\/\/elmercuriomanta.ec\/index.php\/2026\/04\/24\/la-junta-de-accionistas-de-warner-bros-aprueba-el-acuerdo-de-fusion-con-parnamount-skydance\/\" >\n\t\t\t\tLa junta de accionistas de Warner Bros aprueba el acuerdo de fusi\u00f3n con\u00a0Parnamount\u00a0Skydance\t\t\t<\/a>\n\t\t<\/h3>\n\t\t\t\t<div class=\"elementor-post__excerpt\">\n\t\t\t<p>La junta de accionistas de la empresa Warner Bros. Discovery (WBD) aprob\u00f3 este jueves fusionarse con Paramount\u00a0Skydance, seg\u00fan inform\u00f3 la primera compa\u00f1\u00eda en un comunicado.\u00a0<\/p>\n\t\t<\/div>\n\t\t\n\t\t<a class=\"elementor-post__read-more\" href=\"https:\/\/elmercuriomanta.ec\/index.php\/2026\/04\/24\/la-junta-de-accionistas-de-warner-bros-aprueba-el-acuerdo-de-fusion-con-parnamount-skydance\/\" aria-label=\"Read more about La junta de accionistas de Warner Bros aprueba el acuerdo de fusi\u00f3n con\u00a0Parnamount\u00a0Skydance\" tabindex=\"-1\" >\n\t\t\tLeer m\u00e1s \u00bb\t\t<\/a>\n\n\t\t\t\t<\/div>\n\t\t\t\t<div class=\"elementor-post__meta-data\">\n\t\t\t\t\t<span class=\"elementor-post-date\">\n\t\t\tabril 24, 2026\t\t<\/span>\n\t\t\t\t<\/div>\n\t\t\t\t\t<\/div>\n\t\t<\/article>\n\t\t\t\t<article class=\"elementor-post elementor-grid-item post-64574 post type-post status-publish format-standard has-post-thumbnail hentry category-internacional\" role=\"listitem\">\n\t\t\t<div class=\"elementor-post__card\">\n\t\t\t\t<a class=\"elementor-post__thumbnail__link\" href=\"https:\/\/elmercuriomanta.ec\/index.php\/2026\/04\/24\/tiroteo-en-un-centro-comercial-de-luisiana-en-estado-unidos-deja-diez-personas-heridas\/\" tabindex=\"-1\" ><div class=\"elementor-post__thumbnail\"><img loading=\"lazy\" decoding=\"async\" width=\"300\" height=\"189\" src=\"https:\/\/elmercuriomanta.ec\/wp-content\/uploads\/2026\/04\/image-289-300x189.png\" class=\"attachment-medium size-medium wp-image-64580\" alt=\"\" srcset=\"https:\/\/elmercuriomanta.ec\/wp-content\/uploads\/2026\/04\/image-289-300x189.png 300w, https:\/\/elmercuriomanta.ec\/wp-content\/uploads\/2026\/04\/image-289-1024x643.png 1024w, https:\/\/elmercuriomanta.ec\/wp-content\/uploads\/2026\/04\/image-289-768x483.png 768w, https:\/\/elmercuriomanta.ec\/wp-content\/uploads\/2026\/04\/image-289.png 1200w\" sizes=\"(max-width: 300px) 100vw, 300px\" \/><\/div><\/a>\n\t\t\t\t<div class=\"elementor-post__badge\">Internacional<\/div>\n\t\t\t\t<div class=\"elementor-post__text\">\n\t\t\t\t<h3 class=\"elementor-post__title\">\n\t\t\t<a href=\"https:\/\/elmercuriomanta.ec\/index.php\/2026\/04\/24\/tiroteo-en-un-centro-comercial-de-luisiana-en-estado-unidos-deja-diez-personas-heridas\/\" >\n\t\t\t\tTiroteo en un centro comercial de Luisiana en Estado Unidos deja diez personas heridas\t\t\t<\/a>\n\t\t<\/h3>\n\t\t\t\t<div class=\"elementor-post__excerpt\">\n\t\t\t<p>Diez personas resultaron heridas tras un tiroteo en un centro comercial en Baton Rouge en Luisiana, en el sur de Estados Unidos, por una presunta disputa que comenz\u00f3 en la zona de venta de comida, lo que representa la segunda balacera\u00a0masiva en dicho estado en menos de una semana.\u00a0<\/p>\n\t\t<\/div>\n\t\t\n\t\t<a class=\"elementor-post__read-more\" href=\"https:\/\/elmercuriomanta.ec\/index.php\/2026\/04\/24\/tiroteo-en-un-centro-comercial-de-luisiana-en-estado-unidos-deja-diez-personas-heridas\/\" aria-label=\"Read more about Tiroteo en un centro comercial de Luisiana en Estado Unidos deja diez personas heridas\" tabindex=\"-1\" >\n\t\t\tLeer m\u00e1s \u00bb\t\t<\/a>\n\n\t\t\t\t<\/div>\n\t\t\t\t<div class=\"elementor-post__meta-data\">\n\t\t\t\t\t<span class=\"elementor-post-date\">\n\t\t\tabril 24, 2026\t\t<\/span>\n\t\t\t\t<\/div>\n\t\t\t\t\t<\/div>\n\t\t<\/article>\n\t\t\t\t<\/div>\n\t\t\n\t\t\t\t\t\t<\/div>\n\t\t\t\t<\/div>\n\t\t\t\t<\/div>\n\t\t\t\t\t<\/div>\n\t\t\t\t<\/div>\n\t\t\t\t<\/div>\n\t\t","protected":false},"excerpt":{"rendered":"<p>M\u00c1S DEPORTES M\u00c1S NOTICIAS<\/p>\n","protected":false},"author":1,"featured_media":0,"parent":0,"menu_order":0,"comment_status":"closed","ping_status":"closed","template":"","meta":{"footnotes":""},"class_list":["post-234","page","type-page","status-publish","hentry"],"_links":{"self":[{"href":"https:\/\/elmercuriomanta.ec\/index.php\/wp-json\/wp\/v2\/pages\/234","targetHints":{"allow":["GET"]}}],"collection":[{"href":"https:\/\/elmercuriomanta.ec\/index.php\/wp-json\/wp\/v2\/pages"}],"about":[{"href":"https:\/\/elmercuriomanta.ec\/index.php\/wp-json\/wp\/v2\/types\/page"}],"author":[{"embeddable":true,"href":"https:\/\/elmercuriomanta.ec\/index.php\/wp-json\/wp\/v2\/users\/1"}],"replies":[{"embeddable":true,"href":"https:\/\/elmercuriomanta.ec\/index.php\/wp-json\/wp\/v2\/comments?post=234"}],"version-history":[{"count":0,"href":"https:\/\/elmercuriomanta.ec\/index.php\/wp-json\/wp\/v2\/pages\/234\/revisions"}],"wp:attachment":[{"href":"https:\/\/elmercuriomanta.ec\/index.php\/wp-json\/wp\/v2\/media?parent=234"}],"curies":[{"name":"wp","href":"https:\/\/api.w.org\/{rel}","templated":true}]}}