{"id":1462,"date":"2023-06-20T18:48:57","date_gmt":"2023-06-20T18:48:57","guid":{"rendered":"https:\/\/elmercuriomanta.ec\/?page_id=1462"},"modified":"2023-06-25T16:32:50","modified_gmt":"2023-06-25T16:32:50","slug":"editorial","status":"publish","type":"page","link":"https:\/\/elmercuriomanta.ec\/index.php\/editorial\/","title":{"rendered":"Editorial"},"content":{"rendered":"\t\t<div data-elementor-type=\"wp-page\" data-elementor-id=\"1462\" class=\"elementor elementor-1462\" data-elementor-post-type=\"page\">\n\t\t\t\t<div data-particle_enable=\"false\" data-particle-mobile-disabled=\"false\" class=\"elementor-element elementor-element-65810d94 e-flex e-con-boxed e-con e-parent\" data-id=\"65810d94\" data-element_type=\"container\" data-e-type=\"container\">\n\t\t\t\t\t<div class=\"e-con-inner\">\n\t\t<div data-particle_enable=\"false\" data-particle-mobile-disabled=\"false\" class=\"elementor-element elementor-element-5b1ef927 e-con-full e-flex e-con e-child\" data-id=\"5b1ef927\" data-element_type=\"container\" data-e-type=\"container\">\n\t\t\t\t<div class=\"elementor-element elementor-element-775f26fd elementor-widget elementor-widget-posts\" data-id=\"775f26fd\" data-element_type=\"widget\" data-e-type=\"widget\" data-settings=\"{&quot;full_content_row_gap&quot;:{&quot;unit&quot;:&quot;px&quot;,&quot;size&quot;:35,&quot;sizes&quot;:[]}}\" data-widget_type=\"posts.full_content\">\n\t\t\t\t<div class=\"elementor-widget-container\">\n\t\t\t\t\t\t\t<div class=\"elementor-posts-container elementor-posts elementor-posts--skin-full_content elementor-grid\" role=\"list\">\n\t\t\t\t<article class=\"elementor-post elementor-grid-item post-64971 post type-post status-publish format-standard has-post-thumbnail hentry category-editorial\" role=\"listitem\">\n\t\t\t\t<div class=\"elementor-post__text\">\n\t\t\t\t<h1 class=\"elementor-post__title\">\n\t\t\t<a href=\"https:\/\/elmercuriomanta.ec\/index.php\/2026\/05\/01\/el-sistema-laboral-colapso\/\" >\n\t\t\t\tEL SISTEMA LABORAL COLAPS\u00d3\t\t\t<\/a>\n\t\t<\/h1>\n\t\t\t\t<div class=\"elementor-post__meta-data\">\n\t\t\t\t\t<span class=\"elementor-post-date\">\n\t\t\tmayo 1, 2026\t\t<\/span>\n\t\t\t\t<\/div>\n\t\t<div class=\"elementor-post__content\"><style>.elementor-64971 .elementor-element.elementor-element-2f2bdee{--display:flex;--flex-direction:column;--container-widget-width:100%;--container-widget-height:initial;--container-widget-flex-grow:0;--container-widget-align-self:initial;--flex-wrap-mobile:wrap;--overlay-opacity:0.09;}.elementor-64971 .elementor-element.elementor-element-2f2bdee::before, .elementor-64971 .elementor-element.elementor-element-2f2bdee > .elementor-background-video-container::before, .elementor-64971 .elementor-element.elementor-element-2f2bdee > .e-con-inner > .elementor-background-video-container::before, .elementor-64971 .elementor-element.elementor-element-2f2bdee > .elementor-background-slideshow::before, .elementor-64971 .elementor-element.elementor-element-2f2bdee > .e-con-inner > .elementor-background-slideshow::before, .elementor-64971 .elementor-element.elementor-element-2f2bdee > .elementor-motion-effects-container > .elementor-motion-effects-layer::before{--background-overlay:'';background-image:url(\"https:\/\/elmercuriomanta.ec\/wp-content\/uploads\/2026\/05\/DIA-DEL-TRABAJO-01Fy.png\");background-repeat:no-repeat;background-size:cover;}.elementor-64971 .elementor-element.elementor-element-575e58c{text-align:center;}.elementor-64971 .elementor-element.elementor-element-575e58c .elementor-heading-title{color:var( --e-global-color-2bc903a );}.elementor-64971 .elementor-element.elementor-element-575e58c > .elementor-widget-container{background-color:var( --e-global-color-secondary );}.elementor-64971 .elementor-element.elementor-element-ff14311{text-align:justify;color:var( --e-global-color-primary );}:root{--page-title-display:none;}<\/style>\t\t<div data-elementor-type=\"wp-post\" data-elementor-id=\"64971\" class=\"elementor elementor-64971\" data-elementor-post-type=\"post\">\n\t\t\t\t<div data-particle_enable=\"false\" data-particle-mobile-disabled=\"false\" class=\"elementor-element elementor-element-2f2bdee e-flex e-con-boxed e-con e-parent\" data-id=\"2f2bdee\" data-element_type=\"container\" data-e-type=\"container\">\n\t\t\t\t\t<div class=\"e-con-inner\">\n\t\t\t\t<div class=\"elementor-element elementor-element-575e58c elementor-widget elementor-widget-heading\" data-id=\"575e58c\" data-element_type=\"widget\" data-e-type=\"widget\" data-widget_type=\"heading.default\">\n\t\t\t\t<div class=\"elementor-widget-container\">\n\t\t\t\t\t<h1 class=\"elementor-heading-title elementor-size-default\">EL SISTEMA LABORAL COLAPS\u00d3<\/h1>\t\t\t\t<\/div>\n\t\t\t\t<\/div>\n\t\t\t\t<div class=\"elementor-element elementor-element-ff14311 elementor-widget elementor-widget-text-editor\" data-id=\"ff14311\" data-element_type=\"widget\" data-e-type=\"widget\" data-widget_type=\"text-editor.default\">\n\t\t\t\t<div class=\"elementor-widget-container\">\n\t\t\t\t\t\t\t\t\t<div class=\"page\" title=\"Page 10\"><div class=\"section\"><div class=\"layoutArea\"><div class=\"column\"><div class=\"page\" title=\"Page 10\"><div class=\"section\"><div class=\"layoutArea\"><div class=\"column\"><div class=\"page\" title=\"Page 10\"><div class=\"section\"><div class=\"layoutArea\"><div class=\"column\"><div class=\"page\" title=\"Page 10\"><div class=\"section\"><div class=\"layoutArea\"><div class=\"column\"><div class=\"page\" title=\"Page 10\"><div class=\"section\"><div class=\"layoutArea\"><div class=\"column\"><div class=\"page\" title=\"Page 10\"><div class=\"section\"><div class=\"layoutArea\"><div class=\"column\"><div class=\"page\" title=\"Page 10\"><div class=\"section\"><div class=\"layoutArea\"><div class=\"column\"><div class=\"page\" title=\"Page 10\"><div class=\"section\"><div class=\"layoutArea\"><div class=\"column\"><div class=\"page\" title=\"Page 10\"><div class=\"section\"><div class=\"layoutArea\"><div class=\"column\"><div class=\"page\" title=\"Page 10\"><div class=\"section\"><div class=\"layoutArea\"><div class=\"column\"><div class=\"page\" title=\"Page 10\"><div class=\"section\"><div class=\"layoutArea\"><div class=\"column\"><div class=\"page\" title=\"Page 10\"><div class=\"section\"><div class=\"layoutArea\"><div class=\"column\"><div class=\"page\" title=\"Page 9\"><div class=\"section\"><div class=\"layoutArea\"><div class=\"column\"><div class=\"page\" title=\"Page 10\"><div class=\"section\"><div class=\"layoutArea\"><div class=\"column\"><div class=\"page\" title=\"Page 10\"><div class=\"section\"><div class=\"layoutArea\"><div class=\"column\"><div class=\"page\" title=\"Page 10\"><div class=\"section\"><div class=\"layoutArea\"><div class=\"column\"><div class=\"page\" title=\"Page 10\"><div class=\"section\"><div class=\"layoutArea\"><div class=\"column\"><div class=\"page\" title=\"Page 10\"><div class=\"section\"><div class=\"layoutArea\"><div class=\"column\"><div class=\"page\" title=\"Page 10\"><div class=\"section\"><div class=\"layoutArea\"><div class=\"column\"><div class=\"page\" title=\"Page 10\"><div class=\"section\"><div class=\"layoutArea\"><div class=\"column\"><div class=\"page\" title=\"Page 10\"><div class=\"section\"><div class=\"layoutArea\"><div class=\"column\"><div class=\"page\" title=\"Page 10\"><div class=\"section\"><div class=\"layoutArea\"><div class=\"column\"><div class=\"page\" title=\"Page 10\"><div class=\"section\"><div class=\"layoutArea\"><div class=\"column\"><div class=\"page\" title=\"Page 10\"><div class=\"section\"><div class=\"layoutArea\"><div class=\"column\"><div class=\"page\" title=\"Page 10\"><div class=\"section\"><div class=\"layoutArea\"><div class=\"column\"><div class=\"page\" title=\"Page 10\"><div class=\"section\"><div class=\"layoutArea\"><div class=\"column\"><div class=\"page\" title=\"Page 10\"><div class=\"section\"><div class=\"layoutArea\"><div class=\"column\"><div class=\"page\" title=\"Page 10\"><div class=\"section\"><div class=\"layoutArea\"><div class=\"column\"><div class=\"page\" title=\"Page 10\"><div class=\"section\"><div class=\"layoutArea\"><div class=\"column\"><div class=\"page\" title=\"Page 10\"><div class=\"section\"><div class=\"layoutArea\"><div class=\"column\"><div class=\"page\" title=\"Page 10\"><div class=\"section\"><div class=\"layoutArea\"><div class=\"column\"><div class=\"page\" title=\"Page 10\"><div class=\"section\"><div class=\"layoutArea\"><div class=\"column\"><div class=\"page\" title=\"Page 10\"><div class=\"section\"><div class=\"layoutArea\"><div class=\"column\"><div class=\"page\" title=\"Page 10\"><div class=\"section\"><div class=\"layoutArea\"><div class=\"column\"><div class=\"page\" title=\"Page 10\"><div class=\"section\"><div class=\"layoutArea\"><div class=\"column\"><div class=\"page\" title=\"Page 10\"><div class=\"section\"><div class=\"layoutArea\"><div class=\"column\"><div class=\"page\" title=\"Page 10\"><div class=\"section\"><div class=\"layoutArea\"><div class=\"column\"><div class=\"page\" title=\"Page 10\"><div class=\"section\"><div class=\"layoutArea\"><div class=\"column\"><div class=\"page\" title=\"Page 10\"><div class=\"section\"><div class=\"layoutArea\"><div class=\"column\"><div class=\"page\" title=\"Page 10\"><div class=\"section\"><div class=\"layoutArea\"><div class=\"column\"><div class=\"page\" title=\"Page 10\"><div class=\"section\"><div class=\"layoutArea\"><div class=\"column\"><div class=\"page\" title=\"Page 10\"><div class=\"layoutArea\"><div class=\"column\"><div class=\"page\" title=\"Page 10\"><div class=\"layoutArea\"><div class=\"column\"><div class=\"page\" title=\"Page 10\"><div class=\"layoutArea\"><div class=\"column\"><div class=\"page\" title=\"Page 10\"><div class=\"layoutArea\"><div class=\"column\"><div class=\"page\" title=\"Page 10\"><div class=\"layoutArea\"><div class=\"column\"><div class=\"page\" title=\"Page 10\"><div class=\"layoutArea\"><div class=\"column\"><div class=\"page\" title=\"Page 10\"><div class=\"layoutArea\"><div class=\"column\"><div class=\"page\" title=\"Page 10\"><div class=\"layoutArea\"><div class=\"column\"><div class=\"page\" title=\"Page 10\"><div class=\"layoutArea\"><div class=\"column\"><div class=\"page\" title=\"Page 10\"><div class=\"layoutArea\"><div class=\"column\"><div class=\"page\" title=\"Page 10\"><div class=\"layoutArea\"><div class=\"column\"><p class=\"p1\">La conmemoraci\u00f3n del D\u00eda del Trabajo invita a una reflexi\u00f3n nacional sobre la realidad que enfrentan los empleados, desempleados y el empresario. No han importado las advertencias que se han dado desde hace ocho a\u00f1os para ajustar el r\u00e9gimen laboral, el sistema tributario y el societario, con el fin de ayudar a los negocios que pueden dar trabajo a m\u00e1s personas. Las \u00faltimas cifras oficiales dejan ver un mercado que se deteriora. Apenas 3,2 millones de personas tienen empleo formal, con salario m\u00ednimo o m\u00e1s y trabajan, al menos, ocho horas diarias. Pero 5,2 millones de ecuatorianos est\u00e1n en la informalidad y cerca de 273.000 personas est\u00e1n en el desempleo. Es decir, 6 de cada 10 personas en capacidad de trabajar tienen empleos precarios o no tienen ninguna actividad. Esta situaci\u00f3n se convierte en una crisis porque el ecuatoriano gana menos. El ingreso promedio de una persona con trabajo es de $463,2, cuando el salario b\u00e1sico es de $482. Esta realidad no es sostenible en el largo plazo porque crea m\u00e1s pobreza. Los cambios son necesarios para que la informalidad y la precariedad se reduzcan. Por eso, quienes marchan ahora son parte del grupo de privilegiados que tienen la oportunidad, incluso, de organizar sindicatos. Pero esos 5,2 millones de ecuatorianos necesitan un cambio de leyes laborales. Los sindicatos y empresarios deben entender que el sistema actual colaps\u00f3. Incluso debe ajustarse el r\u00e9gimen para las empresas, que no pueden sobrevivir y no se atreven a invertir libremente para crear plazas. El sector privado tiene un impuesto a la renta corporativa del 36%, la m\u00e1s alta de la regi\u00f3n. Adem\u00e1s, el Impuesto a la Salida de Divisas del 5%. Desde 2007 se han producido 20 grandes cambios tributarios, y otros impuestos temporales. Esto quiere decir que las empresas tienen dificultades para hacer negocios y, por lo tanto, crear empleo. Proteger el trabajo es tarea de las autoridades, en primera instancia, pero tambi\u00e9n de los sindicatos y de los empresarios. Ante el silencio de las autoridades sobre los cambios profundos, lo adecuado es que la ciudadan\u00eda, sindicalistas, empresarios y la academia definan los cambios que deben producirse. El pa\u00eds lo necesita.<\/p><\/div><\/div><\/div><\/div><\/div><\/div><\/div><\/div><\/div><\/div><\/div><\/div><\/div><\/div><\/div><\/div><\/div><\/div><\/div><\/div><\/div><\/div><\/div><\/div><\/div><\/div><\/div><\/div><\/div><\/div><\/div><\/div><\/div><\/div><\/div><\/div><\/div><\/div><\/div><\/div><\/div><\/div><\/div><\/div><\/div><\/div><\/div><\/div><\/div><\/div><\/div><\/div><\/div><\/div><\/div><\/div><\/div><\/div><\/div><\/div><\/div><\/div><\/div><\/div><\/div><\/div><\/div><\/div><\/div><\/div><\/div><\/div><\/div><\/div><\/div><\/div><\/div><\/div><\/div><\/div><\/div><\/div><\/div><\/div><\/div><\/div><\/div><\/div><\/div><\/div><\/div><\/div><\/div><\/div><\/div><\/div><\/div><\/div><\/div><\/div><\/div><\/div><\/div><\/div><\/div><\/div><\/div><\/div><\/div><\/div><\/div><\/div><\/div><\/div><\/div><\/div><\/div><\/div><\/div><\/div><\/div><\/div><\/div><\/div><\/div><\/div><\/div><\/div><\/div><\/div><\/div><\/div><\/div><\/div><\/div><\/div><\/div><\/div><\/div><\/div><\/div><\/div><\/div><\/div><\/div><\/div><\/div><\/div><\/div><\/div><\/div><\/div><\/div><\/div><\/div><\/div><\/div><\/div><\/div><\/div><\/div><\/div><\/div><\/div><\/div><\/div><\/div><\/div><\/div><\/div><\/div><\/div><\/div><\/div><\/div><\/div><\/div><\/div><\/div><\/div><\/div><\/div><\/div><\/div><\/div><\/div><\/div><\/div><\/div><\/div><\/div><\/div><\/div><\/div><\/div><\/div><\/div>\t\t\t\t\t\t\t\t<\/div>\n\t\t\t\t<\/div>\n\t\t\t\t\t<\/div>\n\t\t\t\t<\/div>\n\t\t\t\t<\/div>\n\t\t<\/div>\t\t<\/div>\n\t\t\t\t<\/article>\n\t\t\t\t<article class=\"elementor-post elementor-grid-item post-64942 post type-post status-publish format-standard has-post-thumbnail hentry category-editorial\" role=\"listitem\">\n\t\t\t\t<div class=\"elementor-post__text\">\n\t\t\t\t<h1 class=\"elementor-post__title\">\n\t\t\t<a href=\"https:\/\/elmercuriomanta.ec\/index.php\/2026\/04\/30\/el-toque-de-queda-no-descansa\/\" >\n\t\t\t\tEL TOQUE DE QUEDA NO DESCANSA\t\t\t<\/a>\n\t\t<\/h1>\n\t\t\t\t<div class=\"elementor-post__meta-data\">\n\t\t\t\t\t<span class=\"elementor-post-date\">\n\t\t\tabril 30, 2026\t\t<\/span>\n\t\t\t\t<\/div>\n\t\t<div class=\"elementor-post__content\"><style>.elementor-64942 .elementor-element.elementor-element-2f2bdee{--display:flex;--flex-direction:column;--container-widget-width:100%;--container-widget-height:initial;--container-widget-flex-grow:0;--container-widget-align-self:initial;--flex-wrap-mobile:wrap;--overlay-opacity:0.09;}.elementor-64942 .elementor-element.elementor-element-2f2bdee::before, .elementor-64942 .elementor-element.elementor-element-2f2bdee > .elementor-background-video-container::before, .elementor-64942 .elementor-element.elementor-element-2f2bdee > .e-con-inner > .elementor-background-video-container::before, .elementor-64942 .elementor-element.elementor-element-2f2bdee > .elementor-background-slideshow::before, .elementor-64942 .elementor-element.elementor-element-2f2bdee > .e-con-inner > .elementor-background-slideshow::before, .elementor-64942 .elementor-element.elementor-element-2f2bdee > .elementor-motion-effects-container > .elementor-motion-effects-layer::before{--background-overlay:'';background-image:url(\"https:\/\/elmercuriomanta.ec\/wp-content\/uploads\/2026\/04\/69ab117924d2c.jpeg\");background-repeat:no-repeat;background-size:cover;}.elementor-64942 .elementor-element.elementor-element-575e58c{text-align:center;}.elementor-64942 .elementor-element.elementor-element-575e58c .elementor-heading-title{color:var( --e-global-color-2bc903a );}.elementor-64942 .elementor-element.elementor-element-575e58c > .elementor-widget-container{background-color:var( --e-global-color-secondary );}.elementor-64942 .elementor-element.elementor-element-ff14311{text-align:justify;color:var( --e-global-color-primary );}:root{--page-title-display:none;}<\/style>\t\t<div data-elementor-type=\"wp-post\" data-elementor-id=\"64942\" class=\"elementor elementor-64942\" data-elementor-post-type=\"post\">\n\t\t\t\t<div data-particle_enable=\"false\" data-particle-mobile-disabled=\"false\" class=\"elementor-element elementor-element-2f2bdee e-flex e-con-boxed e-con e-parent\" data-id=\"2f2bdee\" data-element_type=\"container\" data-e-type=\"container\">\n\t\t\t\t\t<div class=\"e-con-inner\">\n\t\t\t\t<div class=\"elementor-element elementor-element-575e58c elementor-widget elementor-widget-heading\" data-id=\"575e58c\" data-element_type=\"widget\" data-e-type=\"widget\" data-widget_type=\"heading.default\">\n\t\t\t\t<div class=\"elementor-widget-container\">\n\t\t\t\t\t<h1 class=\"elementor-heading-title elementor-size-default\">EL TOQUE DE QUEDA NO DESCANSA<\/h1>\t\t\t\t<\/div>\n\t\t\t\t<\/div>\n\t\t\t\t<div class=\"elementor-element elementor-element-ff14311 elementor-widget elementor-widget-text-editor\" data-id=\"ff14311\" data-element_type=\"widget\" data-e-type=\"widget\" data-widget_type=\"text-editor.default\">\n\t\t\t\t<div class=\"elementor-widget-container\">\n\t\t\t\t\t\t\t\t\t<div class=\"page\" title=\"Page 10\"><div class=\"section\"><div class=\"layoutArea\"><div class=\"column\"><div class=\"page\" title=\"Page 10\"><div class=\"section\"><div class=\"layoutArea\"><div class=\"column\"><div class=\"page\" title=\"Page 10\"><div class=\"section\"><div class=\"layoutArea\"><div class=\"column\"><div class=\"page\" title=\"Page 10\"><div class=\"section\"><div class=\"layoutArea\"><div class=\"column\"><div class=\"page\" title=\"Page 10\"><div class=\"section\"><div class=\"layoutArea\"><div class=\"column\"><div class=\"page\" title=\"Page 10\"><div class=\"section\"><div class=\"layoutArea\"><div class=\"column\"><div class=\"page\" title=\"Page 10\"><div class=\"section\"><div class=\"layoutArea\"><div class=\"column\"><div class=\"page\" title=\"Page 10\"><div class=\"section\"><div class=\"layoutArea\"><div class=\"column\"><div class=\"page\" title=\"Page 10\"><div class=\"section\"><div class=\"layoutArea\"><div class=\"column\"><div class=\"page\" title=\"Page 10\"><div class=\"section\"><div class=\"layoutArea\"><div class=\"column\"><div class=\"page\" title=\"Page 10\"><div class=\"section\"><div class=\"layoutArea\"><div class=\"column\"><div class=\"page\" title=\"Page 10\"><div class=\"section\"><div class=\"layoutArea\"><div class=\"column\"><div class=\"page\" title=\"Page 9\"><div class=\"section\"><div class=\"layoutArea\"><div class=\"column\"><div class=\"page\" title=\"Page 10\"><div class=\"section\"><div class=\"layoutArea\"><div class=\"column\"><div class=\"page\" title=\"Page 10\"><div class=\"section\"><div class=\"layoutArea\"><div class=\"column\"><div class=\"page\" title=\"Page 10\"><div class=\"section\"><div class=\"layoutArea\"><div class=\"column\"><div class=\"page\" title=\"Page 10\"><div class=\"section\"><div class=\"layoutArea\"><div class=\"column\"><div class=\"page\" title=\"Page 10\"><div class=\"section\"><div class=\"layoutArea\"><div class=\"column\"><div class=\"page\" title=\"Page 10\"><div class=\"section\"><div class=\"layoutArea\"><div class=\"column\"><div class=\"page\" title=\"Page 10\"><div class=\"section\"><div class=\"layoutArea\"><div class=\"column\"><div class=\"page\" title=\"Page 10\"><div class=\"section\"><div class=\"layoutArea\"><div class=\"column\"><div class=\"page\" title=\"Page 10\"><div class=\"section\"><div class=\"layoutArea\"><div class=\"column\"><div class=\"page\" title=\"Page 10\"><div class=\"section\"><div class=\"layoutArea\"><div class=\"column\"><div class=\"page\" title=\"Page 10\"><div class=\"section\"><div class=\"layoutArea\"><div class=\"column\"><div class=\"page\" title=\"Page 10\"><div class=\"section\"><div class=\"layoutArea\"><div class=\"column\"><div class=\"page\" title=\"Page 10\"><div class=\"section\"><div class=\"layoutArea\"><div class=\"column\"><div class=\"page\" title=\"Page 10\"><div class=\"section\"><div class=\"layoutArea\"><div class=\"column\"><div class=\"page\" title=\"Page 10\"><div class=\"section\"><div class=\"layoutArea\"><div class=\"column\"><div class=\"page\" title=\"Page 10\"><div class=\"section\"><div class=\"layoutArea\"><div class=\"column\"><div class=\"page\" title=\"Page 10\"><div class=\"section\"><div class=\"layoutArea\"><div class=\"column\"><div class=\"page\" title=\"Page 10\"><div class=\"section\"><div class=\"layoutArea\"><div class=\"column\"><div class=\"page\" title=\"Page 10\"><div class=\"section\"><div class=\"layoutArea\"><div class=\"column\"><div class=\"page\" title=\"Page 10\"><div class=\"section\"><div class=\"layoutArea\"><div class=\"column\"><div class=\"page\" title=\"Page 10\"><div class=\"section\"><div class=\"layoutArea\"><div class=\"column\"><div class=\"page\" title=\"Page 10\"><div class=\"section\"><div class=\"layoutArea\"><div class=\"column\"><div class=\"page\" title=\"Page 10\"><div class=\"section\"><div class=\"layoutArea\"><div class=\"column\"><div class=\"page\" title=\"Page 10\"><div class=\"section\"><div class=\"layoutArea\"><div class=\"column\"><div class=\"page\" title=\"Page 10\"><div class=\"section\"><div class=\"layoutArea\"><div class=\"column\"><div class=\"page\" title=\"Page 10\"><div class=\"section\"><div class=\"layoutArea\"><div class=\"column\"><div class=\"page\" title=\"Page 10\"><div class=\"section\"><div class=\"layoutArea\"><div class=\"column\"><div class=\"page\" title=\"Page 10\"><div class=\"section\"><div class=\"layoutArea\"><div class=\"column\"><div class=\"page\" title=\"Page 10\"><div class=\"layoutArea\"><div class=\"column\"><div class=\"page\" title=\"Page 10\"><div class=\"layoutArea\"><div class=\"column\"><div class=\"page\" title=\"Page 10\"><div class=\"layoutArea\"><div class=\"column\"><div class=\"page\" title=\"Page 10\"><div class=\"layoutArea\"><div class=\"column\"><div class=\"page\" title=\"Page 10\"><div class=\"layoutArea\"><div class=\"column\"><div class=\"page\" title=\"Page 10\"><div class=\"layoutArea\"><div class=\"column\"><div class=\"page\" title=\"Page 10\"><div class=\"layoutArea\"><div class=\"column\"><div class=\"page\" title=\"Page 10\"><div class=\"layoutArea\"><div class=\"column\"><div class=\"page\" title=\"Page 10\"><div class=\"layoutArea\"><div class=\"column\"><div class=\"page\" title=\"Page 10\"><div class=\"layoutArea\"><div class=\"column\"><div class=\"page\" title=\"Page 10\"><div class=\"layoutArea\"><div class=\"column\"><p class=\"p1\">Un nuevo feriado llega, pero esta vez con un sabor distinto. El toque de queda en nueve provincias y cuatro municipios, como parte de la ofensiva contra las organizaciones criminales que entrar\u00e1 en vigor este domingo 3 de mayo, cambia el \u00e1nimo habitual de estas jornadas de descanso. Este puente vacacional, que normalmente impulsa a miles de personas a salir hacia balnearios y destinos tur\u00edsticos en busca de relax, podr\u00eda verse afectado por varios factores. Entre ellos, el inicio del a\u00f1o lectivo en la regi\u00f3n Costa-Insular, que implica nuevos gastos para las familias en uniformes, \u00fatiles y libros, y tambi\u00e9n el temor a una posible escalada de violencia antes de que empiece la medida de emergencia. Los operadores tur\u00edsticos reconocen que la afluencia de visitantes entre jueves y domingo depender\u00e1 en buena medida del bolsillo de los ecuatorianos. Aunque el Gobierno ha dispuesto nuevamente la rebaja del IVA al 8 % para dinamizar el sector, como ocurri\u00f3 en el feriado de A\u00f1o Nuevo, la decisi\u00f3n de viajar no solo pasa por promociones o descuentos, sino por la percepci\u00f3n de seguridad y estabilidad. El turismo necesita confianza para moverse. Y mientras el pa\u00eds siga debati\u00e9ndose entre la necesidad de descanso y el miedo a la inseguridad, ning\u00fan incentivo ser\u00e1 suficiente para reactivar plenamente la actividad.<\/p><\/div><\/div><\/div><\/div><\/div><\/div><\/div><\/div><\/div><\/div><\/div><\/div><\/div><\/div><\/div><\/div><\/div><\/div><\/div><\/div><\/div><\/div><\/div><\/div><\/div><\/div><\/div><\/div><\/div><\/div><\/div><\/div><\/div><\/div><\/div><\/div><\/div><\/div><\/div><\/div><\/div><\/div><\/div><\/div><\/div><\/div><\/div><\/div><\/div><\/div><\/div><\/div><\/div><\/div><\/div><\/div><\/div><\/div><\/div><\/div><\/div><\/div><\/div><\/div><\/div><\/div><\/div><\/div><\/div><\/div><\/div><\/div><\/div><\/div><\/div><\/div><\/div><\/div><\/div><\/div><\/div><\/div><\/div><\/div><\/div><\/div><\/div><\/div><\/div><\/div><\/div><\/div><\/div><\/div><\/div><\/div><\/div><\/div><\/div><\/div><\/div><\/div><\/div><\/div><\/div><\/div><\/div><\/div><\/div><\/div><\/div><\/div><\/div><\/div><\/div><\/div><\/div><\/div><\/div><\/div><\/div><\/div><\/div><\/div><\/div><\/div><\/div><\/div><\/div><\/div><\/div><\/div><\/div><\/div><\/div><\/div><\/div><\/div><\/div><\/div><\/div><\/div><\/div><\/div><\/div><\/div><\/div><\/div><\/div><\/div><\/div><\/div><\/div><\/div><\/div><\/div><\/div><\/div><\/div><\/div><\/div><\/div><\/div><\/div><\/div><\/div><\/div><\/div><\/div><\/div><\/div><\/div><\/div><\/div><\/div><\/div><\/div><\/div><\/div><\/div><\/div><\/div><\/div><\/div><\/div><\/div><\/div><\/div><\/div><\/div><\/div><\/div><\/div><\/div><\/div><\/div><\/div>\t\t\t\t\t\t\t\t<\/div>\n\t\t\t\t<\/div>\n\t\t\t\t\t<\/div>\n\t\t\t\t<\/div>\n\t\t\t\t<\/div>\n\t\t<\/div>\t\t<\/div>\n\t\t\t\t<\/article>\n\t\t\t\t<\/div>\n\t\t\n\t\t\t\t\t\t<\/div>\n\t\t\t\t<\/div>\n\t\t\t\t<div class=\"elementor-element elementor-element-333d948c elementor-widget elementor-widget-heading\" data-id=\"333d948c\" data-element_type=\"widget\" data-e-type=\"widget\" data-widget_type=\"heading.default\">\n\t\t\t\t<div class=\"elementor-widget-container\">\n\t\t\t\t\t<h2 class=\"elementor-heading-title elementor-size-default\">M\u00c1S EDITORIALES<\/h2>\t\t\t\t<\/div>\n\t\t\t\t<\/div>\n\t\t\t\t<div class=\"elementor-element elementor-element-66ee5b9a elementor-posts--thumbnail-none elementor-grid-3 elementor-grid-tablet-2 elementor-grid-mobile-1 elementor-widget elementor-widget-posts\" data-id=\"66ee5b9a\" data-element_type=\"widget\" data-e-type=\"widget\" data-settings=\"{&quot;pagination_type&quot;:&quot;numbers&quot;,&quot;classic_columns&quot;:&quot;3&quot;,&quot;classic_columns_tablet&quot;:&quot;2&quot;,&quot;classic_columns_mobile&quot;:&quot;1&quot;,&quot;classic_row_gap&quot;:{&quot;unit&quot;:&quot;px&quot;,&quot;size&quot;:35,&quot;sizes&quot;:[]},&quot;classic_row_gap_tablet&quot;:{&quot;unit&quot;:&quot;px&quot;,&quot;size&quot;:&quot;&quot;,&quot;sizes&quot;:[]},&quot;classic_row_gap_mobile&quot;:{&quot;unit&quot;:&quot;px&quot;,&quot;size&quot;:&quot;&quot;,&quot;sizes&quot;:[]}}\" data-widget_type=\"posts.classic\">\n\t\t\t\t<div class=\"elementor-widget-container\">\n\t\t\t\t\t\t\t<div class=\"elementor-posts-container elementor-posts elementor-posts--skin-classic elementor-grid\" role=\"list\">\n\t\t\t\t<article class=\"elementor-post elementor-grid-item post-64971 post type-post status-publish format-standard has-post-thumbnail hentry category-editorial\" role=\"listitem\">\n\t\t\t\t<div class=\"elementor-post__text\">\n\t\t\t\t<h3 class=\"elementor-post__title\">\n\t\t\t<a href=\"https:\/\/elmercuriomanta.ec\/index.php\/2026\/05\/01\/el-sistema-laboral-colapso\/\" >\n\t\t\t\tEL SISTEMA LABORAL COLAPS\u00d3\t\t\t<\/a>\n\t\t<\/h3>\n\t\t\t\t<div class=\"elementor-post__meta-data\">\n\t\t\t\t\t<span class=\"elementor-post-date\">\n\t\t\tmayo 1, 2026\t\t<\/span>\n\t\t\t\t<\/div>\n\t\t\t\t<div class=\"elementor-post__excerpt\">\n\t\t\t<p>La conmemoraci\u00f3n del D\u00eda del Trabajo invita a una reflexi\u00f3n nacional sobre la realidad que enfrentan los empleados, desempleados y el empresario.<br \/>\nNo han importado las advertencias que se han dado desde hace ocho a\u00f1os para ajustar el r\u00e9gimen laboral, el sistema tributario y el societario, con el fin de ayudar a los negocios que pueden dar trabajo a m\u00e1s personas. Las \u00faltimas cifras oficiales dejan ver un mercado que se deteriora.<\/p>\n\t\t<\/div>\n\t\t\n\t\t<a class=\"elementor-post__read-more\" href=\"https:\/\/elmercuriomanta.ec\/index.php\/2026\/05\/01\/el-sistema-laboral-colapso\/\" aria-label=\"Read more about EL SISTEMA LABORAL COLAPS\u00d3\" tabindex=\"-1\" >\n\t\t\tLeer m\u00e1s \u00bb\t\t<\/a>\n\n\t\t\t\t<\/div>\n\t\t\t\t<\/article>\n\t\t\t\t<article class=\"elementor-post elementor-grid-item post-64942 post type-post status-publish format-standard has-post-thumbnail hentry category-editorial\" role=\"listitem\">\n\t\t\t\t<div class=\"elementor-post__text\">\n\t\t\t\t<h3 class=\"elementor-post__title\">\n\t\t\t<a href=\"https:\/\/elmercuriomanta.ec\/index.php\/2026\/04\/30\/el-toque-de-queda-no-descansa\/\" >\n\t\t\t\tEL TOQUE DE QUEDA NO DESCANSA\t\t\t<\/a>\n\t\t<\/h3>\n\t\t\t\t<div class=\"elementor-post__meta-data\">\n\t\t\t\t\t<span class=\"elementor-post-date\">\n\t\t\tabril 30, 2026\t\t<\/span>\n\t\t\t\t<\/div>\n\t\t\t\t<div class=\"elementor-post__excerpt\">\n\t\t\t<p>Un nuevo feriado llega, pero esta vez con un sabor distinto. El toque de queda en nueve provincias y cuatro municipios, como parte de la ofensiva contra las organizaciones criminales que entrar\u00e1 en vigor este domingo 3 de mayo, cambia el \u00e1nimo habitual de estas jornadas de descanso.<br \/>\nEste puente vacacional, que normalmente impulsa a miles de personas a salir hacia balnearios y destinos tur\u00edsticos en busca de relax&#8230;<\/p>\n\t\t<\/div>\n\t\t\n\t\t<a class=\"elementor-post__read-more\" href=\"https:\/\/elmercuriomanta.ec\/index.php\/2026\/04\/30\/el-toque-de-queda-no-descansa\/\" aria-label=\"Read more about EL TOQUE DE QUEDA NO DESCANSA\" tabindex=\"-1\" >\n\t\t\tLeer m\u00e1s \u00bb\t\t<\/a>\n\n\t\t\t\t<\/div>\n\t\t\t\t<\/article>\n\t\t\t\t<article class=\"elementor-post elementor-grid-item post-64856 post type-post status-publish format-standard has-post-thumbnail hentry category-editorial\" role=\"listitem\">\n\t\t\t\t<div class=\"elementor-post__text\">\n\t\t\t\t<h3 class=\"elementor-post__title\">\n\t\t\t<a href=\"https:\/\/elmercuriomanta.ec\/index.php\/2026\/04\/29\/tce-fallo-definitivo\/\" >\n\t\t\t\tTCE: FALLO DEFINITIVO\t\t\t<\/a>\n\t\t<\/h3>\n\t\t\t\t<div class=\"elementor-post__meta-data\">\n\t\t\t\t\t<span class=\"elementor-post-date\">\n\t\t\tabril 29, 2026\t\t<\/span>\n\t\t\t\t<\/div>\n\t\t\t\t<div class=\"elementor-post__excerpt\">\n\t\t\t<p>La cancelaci\u00f3n del partido Unidad Popular y el movimiento Construye, en pleno per\u00edodo electoral, se convierte en otro de los puntos en contra del Consejo Nacional Electoral (CNE). El Pleno del CNE, liderado por Diana Atamaint, insisti\u00f3 en cuatro ocasiones para conseguir los votos para abrir el proceso de cancelaci\u00f3n. Debi\u00f3 llegar la consejera suplente Cristina Kronfle, cercana al Partido Social Cristiano, para iniciar el proceso.<\/p>\n\t\t<\/div>\n\t\t\n\t\t<a class=\"elementor-post__read-more\" href=\"https:\/\/elmercuriomanta.ec\/index.php\/2026\/04\/29\/tce-fallo-definitivo\/\" aria-label=\"Read more about TCE: FALLO DEFINITIVO\" tabindex=\"-1\" >\n\t\t\tLeer m\u00e1s \u00bb\t\t<\/a>\n\n\t\t\t\t<\/div>\n\t\t\t\t<\/article>\n\t\t\t\t<article class=\"elementor-post elementor-grid-item post-64771 post type-post status-publish format-standard has-post-thumbnail hentry category-editorial\" role=\"listitem\">\n\t\t\t\t<div class=\"elementor-post__text\">\n\t\t\t\t<h3 class=\"elementor-post__title\">\n\t\t\t<a href=\"https:\/\/elmercuriomanta.ec\/index.php\/2026\/04\/28\/nuevo-ministro-mismos-retos\/\" >\n\t\t\t\tNUEVO MINISTRO, MISMOS RETOS\t\t\t<\/a>\n\t\t<\/h3>\n\t\t\t\t<div class=\"elementor-post__meta-data\">\n\t\t\t\t\t<span class=\"elementor-post-date\">\n\t\t\tabril 28, 2026\t\t<\/span>\n\t\t\t\t<\/div>\n\t\t\t\t<div class=\"elementor-post__excerpt\">\n\t\t\t<p>El presidente Daniel Noboa nombr\u00f3 a Jaime Bernab\u00e9 Erazo como nuevo ministro de Salud. Este es uno de los cambios que deber\u00edan funcionar adecuadamente para mejorar la atenci\u00f3n a la ciudadan\u00eda, pero tambi\u00e9n el abastecimiento y disponibilidad de medicinas. La cartera de Salud estuvo encargada durante cinco meses, luego de la salida de Jimmy Martin, en noviembre de 2025. En su periodo se decret\u00f3 una emergencia para solucionar la falta de medicamentos&#8230;<\/p>\n\t\t<\/div>\n\t\t\n\t\t<a class=\"elementor-post__read-more\" href=\"https:\/\/elmercuriomanta.ec\/index.php\/2026\/04\/28\/nuevo-ministro-mismos-retos\/\" aria-label=\"Read more about NUEVO MINISTRO, MISMOS RETOS\" tabindex=\"-1\" >\n\t\t\tLeer m\u00e1s \u00bb\t\t<\/a>\n\n\t\t\t\t<\/div>\n\t\t\t\t<\/article>\n\t\t\t\t<article class=\"elementor-post elementor-grid-item post-64733 post type-post status-publish format-standard has-post-thumbnail hentry category-editorial\" role=\"listitem\">\n\t\t\t\t<div class=\"elementor-post__text\">\n\t\t\t\t<h3 class=\"elementor-post__title\">\n\t\t\t<a href=\"https:\/\/elmercuriomanta.ec\/index.php\/2026\/04\/27\/en-riesgo-de-desabastecimiento\/\" >\n\t\t\t\tEN RIESGO DE DESABASTECIMIENTO\t\t\t<\/a>\n\t\t<\/h3>\n\t\t\t\t<div class=\"elementor-post__meta-data\">\n\t\t\t\t\t<span class=\"elementor-post-date\">\n\t\t\tabril 27, 2026\t\t<\/span>\n\t\t\t\t<\/div>\n\t\t\t\t<div class=\"elementor-post__excerpt\">\n\t\t\t<p>El tiempo avanza y con ello la amenaza de Ecuador de duplicar los aranceles a los productos colombianos. Una medida, justificada desde el Gobierno bajo el paraguas de la seguridad, pero que tiene un efecto que ir\u00e1 m\u00e1s all\u00e1 del encarecimiento de bienes de consumo: el riesgo real de desabastecimiento de productos que la industria local no produce o no genera en cantidad suficiente para sustituir a buen ritmo lo que viene del vecino pa\u00eds.<\/p>\n\t\t<\/div>\n\t\t\n\t\t<a class=\"elementor-post__read-more\" href=\"https:\/\/elmercuriomanta.ec\/index.php\/2026\/04\/27\/en-riesgo-de-desabastecimiento\/\" aria-label=\"Read more about EN RIESGO DE DESABASTECIMIENTO\" tabindex=\"-1\" >\n\t\t\tLeer m\u00e1s \u00bb\t\t<\/a>\n\n\t\t\t\t<\/div>\n\t\t\t\t<\/article>\n\t\t\t\t<article class=\"elementor-post elementor-grid-item post-64647 post type-post status-publish format-standard has-post-thumbnail hentry category-editorial\" role=\"listitem\">\n\t\t\t\t<div class=\"elementor-post__text\">\n\t\t\t\t<h3 class=\"elementor-post__title\">\n\t\t\t<a href=\"https:\/\/elmercuriomanta.ec\/index.php\/2026\/04\/26\/derecho-a-morir-dignamente\/\" >\n\t\t\t\t\u00bfDERECHO A MORIR DIGNAMENTE?\t\t\t<\/a>\n\t\t<\/h3>\n\t\t\t\t<div class=\"elementor-post__meta-data\">\n\t\t\t\t\t<span class=\"elementor-post-date\">\n\t\t\tabril 26, 2026\t\t<\/span>\n\t\t\t\t<\/div>\n\t\t\t\t<div class=\"elementor-post__excerpt\">\n\t\t\t<p>Ecuador camina en el tratamiento de un tema que, para algunos, puede ser complejo y hasta pol\u00e9mico: la eutanasia. El proyecto de ley para su regulaci\u00f3n pas\u00f3 el primer debate en la Asamblea Nacional. Casos internacionales que influyen en la conversaci\u00f3n Esta discusi\u00f3n legislativa sumado a casos externos como el de Noelia Castillo en Espa\u00f1a deben invitarnos como sociedad a un debate profundo.<\/p>\n\t\t<\/div>\n\t\t\n\t\t<a class=\"elementor-post__read-more\" href=\"https:\/\/elmercuriomanta.ec\/index.php\/2026\/04\/26\/derecho-a-morir-dignamente\/\" aria-label=\"Read more about \u00bfDERECHO A MORIR DIGNAMENTE?\" tabindex=\"-1\" >\n\t\t\tLeer m\u00e1s \u00bb\t\t<\/a>\n\n\t\t\t\t<\/div>\n\t\t\t\t<\/article>\n\t\t\t\t<\/div>\n\t\t\n\t\t\t\t<div class=\"e-load-more-anchor\" data-page=\"1\" data-max-page=\"168\" data-next-page=\"https:\/\/elmercuriomanta.ec\/index.php\/wp-json\/wp\/v2\/pages\/1462\/page\/2\/\"><\/div>\n\t\t\t\t<nav class=\"elementor-pagination\" aria-label=\"Pagination\">\n\t\t\t<span aria-current=\"page\" class=\"page-numbers current\"><span class=\"elementor-screen-only\">Page<\/span>1<\/span>\n<a class=\"page-numbers\" href=\"https:\/\/elmercuriomanta.ec\/index.php\/wp-json\/wp\/v2\/pages\/1462\/page\/2\/\"><span class=\"elementor-screen-only\">Page<\/span>2<\/a>\n<a class=\"page-numbers\" href=\"https:\/\/elmercuriomanta.ec\/index.php\/wp-json\/wp\/v2\/pages\/1462\/page\/3\/\"><span class=\"elementor-screen-only\">Page<\/span>3<\/a>\n<span class=\"page-numbers dots\">&hellip;<\/span>\n<a class=\"page-numbers\" href=\"https:\/\/elmercuriomanta.ec\/index.php\/wp-json\/wp\/v2\/pages\/1462\/page\/168\/\"><span class=\"elementor-screen-only\">Page<\/span>168<\/a>\t\t<\/nav>\n\t\t\t\t\t\t<\/div>\n\t\t\t\t<\/div>\n\t\t\t\t<\/div>\n\t\t<div data-particle_enable=\"false\" data-particle-mobile-disabled=\"false\" class=\"elementor-element elementor-element-4d52ee6d e-con-full e-flex e-con e-child\" data-id=\"4d52ee6d\" data-element_type=\"container\" data-e-type=\"container\">\n\t\t\t\t<div class=\"elementor-element elementor-element-8a47e56 elementor-widget elementor-widget-heading\" data-id=\"8a47e56\" data-element_type=\"widget\" data-e-type=\"widget\" data-widget_type=\"heading.default\">\n\t\t\t\t<div class=\"elementor-widget-container\">\n\t\t\t\t\t<h2 class=\"elementor-heading-title elementor-size-default\">M\u00c1S NOTICIAS<\/h2>\t\t\t\t<\/div>\n\t\t\t\t<\/div>\n\t\t\t\t<div class=\"elementor-element elementor-element-5855d079 elementor-grid-1 elementor-grid-tablet-2 elementor-grid-mobile-1 elementor-posts--thumbnail-top elementor-card-shadow-yes elementor-posts__hover-gradient elementor-widget elementor-widget-posts\" data-id=\"5855d079\" data-element_type=\"widget\" data-e-type=\"widget\" data-settings=\"{&quot;cards_columns&quot;:&quot;1&quot;,&quot;cards_columns_tablet&quot;:&quot;2&quot;,&quot;cards_columns_mobile&quot;:&quot;1&quot;,&quot;cards_row_gap&quot;:{&quot;unit&quot;:&quot;px&quot;,&quot;size&quot;:35,&quot;sizes&quot;:[]},&quot;cards_row_gap_tablet&quot;:{&quot;unit&quot;:&quot;px&quot;,&quot;size&quot;:&quot;&quot;,&quot;sizes&quot;:[]},&quot;cards_row_gap_mobile&quot;:{&quot;unit&quot;:&quot;px&quot;,&quot;size&quot;:&quot;&quot;,&quot;sizes&quot;:[]}}\" data-widget_type=\"posts.cards\">\n\t\t\t\t<div class=\"elementor-widget-container\">\n\t\t\t\t\t\t\t<div class=\"elementor-posts-container elementor-posts elementor-posts--skin-cards elementor-grid\" role=\"list\">\n\t\t\t\t<article class=\"elementor-post elementor-grid-item post-65008 post type-post status-publish format-standard has-post-thumbnail hentry category-sucesos\" role=\"listitem\">\n\t\t\t<div class=\"elementor-post__card\">\n\t\t\t\t<a class=\"elementor-post__thumbnail__link\" href=\"https:\/\/elmercuriomanta.ec\/index.php\/2026\/05\/01\/larga-travesia-pasajero-tenia-boleto-para-nicaragua-pero-termino-en-japon\/\" tabindex=\"-1\" ><div class=\"elementor-post__thumbnail\"><img decoding=\"async\" width=\"300\" height=\"140\" src=\"https:\/\/elmercuriomanta.ec\/wp-content\/uploads\/2026\/05\/image-9-300x140.png\" class=\"attachment-medium size-medium wp-image-65009\" alt=\"\" srcset=\"https:\/\/elmercuriomanta.ec\/wp-content\/uploads\/2026\/05\/image-9-300x140.png 300w, https:\/\/elmercuriomanta.ec\/wp-content\/uploads\/2026\/05\/image-9-1024x477.png 1024w, https:\/\/elmercuriomanta.ec\/wp-content\/uploads\/2026\/05\/image-9-768x358.png 768w, https:\/\/elmercuriomanta.ec\/wp-content\/uploads\/2026\/05\/image-9.png 1252w\" sizes=\"(max-width: 300px) 100vw, 300px\" \/><\/div><\/a>\n\t\t\t\t<div class=\"elementor-post__text\">\n\t\t\t\t<h3 class=\"elementor-post__title\">\n\t\t\t<a href=\"https:\/\/elmercuriomanta.ec\/index.php\/2026\/05\/01\/larga-travesia-pasajero-tenia-boleto-para-nicaragua-pero-termino-en-japon\/\" >\n\t\t\t\t\u00a1LARGA TRAVES\u00cdA! PASAJERO TEN\u00cdA BOLETO PARA NICARAGUA PERO TERMIN\u00d3 EN JAP\u00d3N\t\t\t<\/a>\n\t\t<\/h3>\n\t\t\t\t<div class=\"elementor-post__excerpt\">\n\t\t\t<p>V\u00edctor Calder\u00f3n vivi\u00f3 una traves\u00eda en un viaje rutinario: planeaba ir a Nicaragua pero termin\u00f3 en Jap\u00f3n. \u00bfPor qu\u00e9? Abord\u00f3 el vuelo equivocado en Los \u00c1ngeles. Nadie lo detuvo. Horas despu\u00e9s, pregunt\u00f3 a una azafata por la hora de llegada. \u00abVoy a Houston y luego a Nicaragua\u00bb, dijo. La respuesta lo dej\u00f3 at\u00f3nito: el avi\u00f3n iba a Tokio. Tripulaci\u00f3n y pasajero se sorprendieron. \u00abComenzaron a revisar qu\u00e9 pas\u00f3\u00bb, cont\u00f3 Calder\u00f3n, quien soport\u00f3 ocho horas de vuelo. Luego, horas terribles: su equipaje no lleg\u00f3.<\/p>\n<p>All\u00ed ten\u00eda medicinas, tuvo que comprar m\u00e1s. Adem\u00e1s, alquil\u00f3 hotel y ropa porque deb\u00eda esperar 48 horas para regresar. United Airlines ofreci\u00f3 USD 300 en cr\u00e9ditos (su boleto cost\u00f3 USD 600). El hombre critic\u00f3 el monto, pues gast\u00f3 m\u00e1s en hotel y ropa. Tras intervenci\u00f3n de Telemundo 52 Responde, la aerol\u00ednea aument\u00f3 la compensaci\u00f3n a $1,000 en cr\u00e9ditos. As\u00ed, V\u00edctor qued\u00f3 m\u00e1s tranquilo. Su consejo: \u00abHay que preguntar si es el avi\u00f3n correcto, porque si me pas\u00f3 a m\u00ed, le puede pasar a cualquiera\u00bb.<\/p>\n\t\t<\/div>\n\t\t\n\t\t<a class=\"elementor-post__read-more\" href=\"https:\/\/elmercuriomanta.ec\/index.php\/2026\/05\/01\/larga-travesia-pasajero-tenia-boleto-para-nicaragua-pero-termino-en-japon\/\" aria-label=\"Read more about \u00a1LARGA TRAVES\u00cdA! PASAJERO TEN\u00cdA BOLETO PARA NICARAGUA PERO TERMIN\u00d3 EN JAP\u00d3N\" tabindex=\"-1\" >\n\t\t\tLeer m\u00e1s \u00bb\t\t<\/a>\n\n\t\t\t\t<\/div>\n\t\t\t\t<div class=\"elementor-post__meta-data\">\n\t\t\t\t\t<span class=\"elementor-post-date\">\n\t\t\tmayo 1, 2026\t\t<\/span>\n\t\t\t\t<\/div>\n\t\t\t\t\t<\/div>\n\t\t<\/article>\n\t\t\t\t<article class=\"elementor-post elementor-grid-item post-65005 post type-post status-publish format-standard has-post-thumbnail hentry category-internacional\" role=\"listitem\">\n\t\t\t<div class=\"elementor-post__card\">\n\t\t\t\t<a class=\"elementor-post__thumbnail__link\" href=\"https:\/\/elmercuriomanta.ec\/index.php\/2026\/05\/01\/incautados-en-espana-62-kilos-de-cocaina-base-procedentes-de-ecuador-en-cajas-de-bombones\/\" tabindex=\"-1\" ><div class=\"elementor-post__thumbnail\"><img fetchpriority=\"high\" decoding=\"async\" width=\"300\" height=\"169\" src=\"https:\/\/elmercuriomanta.ec\/wp-content\/uploads\/2026\/05\/image-8-300x169.png\" class=\"attachment-medium size-medium wp-image-65006\" alt=\"\" srcset=\"https:\/\/elmercuriomanta.ec\/wp-content\/uploads\/2026\/05\/image-8-300x169.png 300w, https:\/\/elmercuriomanta.ec\/wp-content\/uploads\/2026\/05\/image-8-1024x576.png 1024w, https:\/\/elmercuriomanta.ec\/wp-content\/uploads\/2026\/05\/image-8-768x432.png 768w, https:\/\/elmercuriomanta.ec\/wp-content\/uploads\/2026\/05\/image-8.png 1200w\" sizes=\"(max-width: 300px) 100vw, 300px\" \/><\/div><\/a>\n\t\t\t\t<div class=\"elementor-post__text\">\n\t\t\t\t<h3 class=\"elementor-post__title\">\n\t\t\t<a href=\"https:\/\/elmercuriomanta.ec\/index.php\/2026\/05\/01\/incautados-en-espana-62-kilos-de-cocaina-base-procedentes-de-ecuador-en-cajas-de-bombones\/\" >\n\t\t\t\tINCAUTADOS EN ESPA\u00d1A 62 KILOS DE COCA\u00cdNA BASE PROCEDENTES DE ECUADOR EN CAJAS DE BOMBONES\t\t\t<\/a>\n\t\t<\/h3>\n\t\t\t\t<div class=\"elementor-post__excerpt\">\n\t\t\t<p>Las fuerzas espa\u00f1olas incautaron 62 kilos de pasta base de coca\u00edna camuflada en bombones de Ecuador, en una operaci\u00f3n conjunta con autoridades ecuatorianas. Tres personas fueron detenidas en Madrid como presuntos integrantes de una red que introduc\u00eda la droga por la terminal de carga del aeropuerto.<\/p>\n<p>La investigaci\u00f3n, con participaci\u00f3n de la Fiscal\u00eda y la Polic\u00eda de Ecuador, surgi\u00f3 al confluir pesquisas sobre un sospechoso que usaba su empresa importadora como pantalla. Contaba con un transportista y otro que alquilaba un local para almacenar la mercanc\u00eda. A principios de febrero de 2026, identificaron un env\u00edo de \u00abl\u00e1grimas de chocolate\u00bb donde hallaron gran cantidad de pasta base. Gracias a la r\u00e1pida coordinaci\u00f3n fiscal, se sigui\u00f3 el rastro del estupefaciente oculto en los bombones. La operaci\u00f3n acab\u00f3 con la detenci\u00f3n de los tres por integraci\u00f3n en organizaci\u00f3n criminal y tr\u00e1fico de drogas.<\/p>\n\t\t<\/div>\n\t\t\n\t\t<a class=\"elementor-post__read-more\" href=\"https:\/\/elmercuriomanta.ec\/index.php\/2026\/05\/01\/incautados-en-espana-62-kilos-de-cocaina-base-procedentes-de-ecuador-en-cajas-de-bombones\/\" aria-label=\"Read more about INCAUTADOS EN ESPA\u00d1A 62 KILOS DE COCA\u00cdNA BASE PROCEDENTES DE ECUADOR EN CAJAS DE BOMBONES\" tabindex=\"-1\" >\n\t\t\tLeer m\u00e1s \u00bb\t\t<\/a>\n\n\t\t\t\t<\/div>\n\t\t\t\t<div class=\"elementor-post__meta-data\">\n\t\t\t\t\t<span class=\"elementor-post-date\">\n\t\t\tmayo 1, 2026\t\t<\/span>\n\t\t\t\t<\/div>\n\t\t\t\t\t<\/div>\n\t\t<\/article>\n\t\t\t\t<article class=\"elementor-post elementor-grid-item post-65002 post type-post status-publish format-standard has-post-thumbnail hentry category-internacional\" role=\"listitem\">\n\t\t\t<div class=\"elementor-post__card\">\n\t\t\t\t<a class=\"elementor-post__thumbnail__link\" href=\"https:\/\/elmercuriomanta.ec\/index.php\/2026\/05\/01\/estudiantes-toman-el-control-de-un-autobus-escolar-tras-desmayo-de-la-conductora-en-misisipi\/\" tabindex=\"-1\" ><div class=\"elementor-post__thumbnail\"><img decoding=\"async\" width=\"300\" height=\"169\" src=\"https:\/\/elmercuriomanta.ec\/wp-content\/uploads\/2026\/05\/image-7-300x169.png\" class=\"attachment-medium size-medium wp-image-65003\" alt=\"\" srcset=\"https:\/\/elmercuriomanta.ec\/wp-content\/uploads\/2026\/05\/image-7-300x169.png 300w, https:\/\/elmercuriomanta.ec\/wp-content\/uploads\/2026\/05\/image-7-1024x576.png 1024w, https:\/\/elmercuriomanta.ec\/wp-content\/uploads\/2026\/05\/image-7-768x432.png 768w, https:\/\/elmercuriomanta.ec\/wp-content\/uploads\/2026\/05\/image-7.png 1280w\" sizes=\"(max-width: 300px) 100vw, 300px\" \/><\/div><\/a>\n\t\t\t\t<div class=\"elementor-post__text\">\n\t\t\t\t<h3 class=\"elementor-post__title\">\n\t\t\t<a href=\"https:\/\/elmercuriomanta.ec\/index.php\/2026\/05\/01\/estudiantes-toman-el-control-de-un-autobus-escolar-tras-desmayo-de-la-conductora-en-misisipi\/\" >\n\t\t\t\tESTUDIANTES TOMAN EL CONTROL DE UN AUTOB\u00daS ESCOLAR TRAS DESMAYO DE LA CONDUCTORA EN MISISIPI\t\t\t<\/a>\n\t\t<\/h3>\n\t\t\t\t<div class=\"elementor-post__excerpt\">\n\t\t\t<p>Un grupo de estudiantes logr\u00f3 detener un autob\u00fas escolar cuando la conductora perdi\u00f3 el conocimiento tras un ataque de asma, poco despu\u00e9s de salir de la Hancock Middle School, en la comunidad de Kiln, Misisipi, Estados Unidos. El hecho ocurri\u00f3 el 23 de abril en una carretera de cuatro carriles del condado de Hancock, con cerca de 40 alumnos a bordo. De acuerdo con reportes de Associated Press y The Guardian, los menores reaccionaron de inmediato para evitar que el veh\u00edculo se desviara y provocara un choque.<\/p>\n<p>El primero en intervenir fue Jackson Casnave, de 12 a\u00f1os, quien tom\u00f3 el volante al notar que el autob\u00fas se sal\u00eda de su carril. \u201cNo tuve tiempo de pensar en mis emociones. Solo quer\u00eda que nadie saliera lastimado\u201d, dijo a Associated Press. A su lado, Darrius Clark presion\u00f3 el freno con fuerza hasta lograr que el veh\u00edculo se detuviera en la mediana. Mientras tanto, Kayleigh Clark avanz\u00f3 entre los asientos para llamar al 911, seg\u00fan detallaron ABC News y The Guardian.<\/p>\n\t\t<\/div>\n\t\t\n\t\t<a class=\"elementor-post__read-more\" href=\"https:\/\/elmercuriomanta.ec\/index.php\/2026\/05\/01\/estudiantes-toman-el-control-de-un-autobus-escolar-tras-desmayo-de-la-conductora-en-misisipi\/\" aria-label=\"Read more about ESTUDIANTES TOMAN EL CONTROL DE UN AUTOB\u00daS ESCOLAR TRAS DESMAYO DE LA CONDUCTORA EN MISISIPI\" tabindex=\"-1\" >\n\t\t\tLeer m\u00e1s \u00bb\t\t<\/a>\n\n\t\t\t\t<\/div>\n\t\t\t\t<div class=\"elementor-post__meta-data\">\n\t\t\t\t\t<span class=\"elementor-post-date\">\n\t\t\tmayo 1, 2026\t\t<\/span>\n\t\t\t\t<\/div>\n\t\t\t\t\t<\/div>\n\t\t<\/article>\n\t\t\t\t<article class=\"elementor-post elementor-grid-item post-64999 post type-post status-publish format-standard has-post-thumbnail hentry category-uncategorized tag-ecuador\" role=\"listitem\">\n\t\t\t<div class=\"elementor-post__card\">\n\t\t\t\t<a class=\"elementor-post__thumbnail__link\" href=\"https:\/\/elmercuriomanta.ec\/index.php\/2026\/05\/01\/orgullo-ecuatoriano-ecuatoriana-es-galardonada-por-su-preservacion-de-aves-en-galapagos\/\" tabindex=\"-1\" ><div class=\"elementor-post__thumbnail\"><img loading=\"lazy\" decoding=\"async\" width=\"300\" height=\"200\" src=\"https:\/\/elmercuriomanta.ec\/wp-content\/uploads\/2026\/05\/image-6-300x200.png\" class=\"attachment-medium size-medium wp-image-65000\" alt=\"\" srcset=\"https:\/\/elmercuriomanta.ec\/wp-content\/uploads\/2026\/05\/image-6-300x200.png 300w, https:\/\/elmercuriomanta.ec\/wp-content\/uploads\/2026\/05\/image-6-1024x683.png 1024w, https:\/\/elmercuriomanta.ec\/wp-content\/uploads\/2026\/05\/image-6-768x512.png 768w, https:\/\/elmercuriomanta.ec\/wp-content\/uploads\/2026\/05\/image-6.png 1242w\" sizes=\"(max-width: 300px) 100vw, 300px\" \/><\/div><\/a>\n\t\t\t\t<div class=\"elementor-post__badge\">Ecuador<\/div>\n\t\t\t\t<div class=\"elementor-post__text\">\n\t\t\t\t<h3 class=\"elementor-post__title\">\n\t\t\t<a href=\"https:\/\/elmercuriomanta.ec\/index.php\/2026\/05\/01\/orgullo-ecuatoriano-ecuatoriana-es-galardonada-por-su-preservacion-de-aves-en-galapagos\/\" >\n\t\t\t\t\u00a1ORGULLO ECUATORIANO!: ECUATORIANA ES GALARDONADA POR SU PRESERVACI\u00d3N DE AVES EN GAL\u00c1PAGOS\t\t\t<\/a>\n\t\t<\/h3>\n\t\t\t\t<div class=\"elementor-post__excerpt\">\n\t\t\t<p>Sangolqui recibi\u00f3 el premio Whitley de manos de la princesa Ana, hermana del rey Carlos III, en Londres, junto a otros cinco conservacionistas. El Fondo Whitley apoya l\u00edderes comunitarios y ha canalizado millones a m\u00e1s de 230 proyectos en 80 pa\u00edses. Entre los galardonados: Barka Subba (India) por proteger la salamandra del Himalaya, y Marina Kameni (Camer\u00fan) por recuperar anfibios. Farwiza Farhan obtuvo el Premio de Oro 2026 por proteger el ecosistema Leuser en Sumatra.<\/p>\n<p>Paola Sangolqui, gu\u00eda naturalista, se dedica a los petreles de Gal\u00e1pagos, aves en peligro cr\u00edtico. Explica que pasan la mayor vida en el oc\u00e9ano, regresan a anidar a las islas, enfrentando depredadores introducidos, cambio clim\u00e1tico y micropl\u00e1sticos, que confunden con alimento. Involucrar a las comunidades es clave para valorar la conservaci\u00f3n ecol\u00f3gica y cultural. Sobre David Attenborough, a quien cita como inspiraci\u00f3n, destaca su poder para comunicar la protecci\u00f3n de la naturaleza y sus documentales sobre Gal\u00e1pagos.<\/p>\n\t\t<\/div>\n\t\t\n\t\t<a class=\"elementor-post__read-more\" href=\"https:\/\/elmercuriomanta.ec\/index.php\/2026\/05\/01\/orgullo-ecuatoriano-ecuatoriana-es-galardonada-por-su-preservacion-de-aves-en-galapagos\/\" aria-label=\"Read more about \u00a1ORGULLO ECUATORIANO!: ECUATORIANA ES GALARDONADA POR SU PRESERVACI\u00d3N DE AVES EN GAL\u00c1PAGOS\" tabindex=\"-1\" >\n\t\t\tLeer m\u00e1s \u00bb\t\t<\/a>\n\n\t\t\t\t<\/div>\n\t\t\t\t<div class=\"elementor-post__meta-data\">\n\t\t\t\t\t<span class=\"elementor-post-date\">\n\t\t\tmayo 1, 2026\t\t<\/span>\n\t\t\t\t<\/div>\n\t\t\t\t\t<\/div>\n\t\t<\/article>\n\t\t\t\t<article class=\"elementor-post elementor-grid-item post-64996 post type-post status-publish format-standard has-post-thumbnail hentry category-nacionales\" role=\"listitem\">\n\t\t\t<div class=\"elementor-post__card\">\n\t\t\t\t<a class=\"elementor-post__thumbnail__link\" href=\"https:\/\/elmercuriomanta.ec\/index.php\/2026\/05\/01\/el-feriado-arranco-con-alta-afluencia-en-salinas-y-balnearios-de-la-costa\/\" tabindex=\"-1\" ><div class=\"elementor-post__thumbnail\"><img loading=\"lazy\" decoding=\"async\" width=\"300\" height=\"188\" src=\"https:\/\/elmercuriomanta.ec\/wp-content\/uploads\/2026\/05\/image-5-300x188.png\" class=\"attachment-medium size-medium wp-image-64997\" alt=\"\" srcset=\"https:\/\/elmercuriomanta.ec\/wp-content\/uploads\/2026\/05\/image-5-300x188.png 300w, https:\/\/elmercuriomanta.ec\/wp-content\/uploads\/2026\/05\/image-5.png 480w\" sizes=\"(max-width: 300px) 100vw, 300px\" \/><\/div><\/a>\n\t\t\t\t<div class=\"elementor-post__text\">\n\t\t\t\t<h3 class=\"elementor-post__title\">\n\t\t\t<a href=\"https:\/\/elmercuriomanta.ec\/index.php\/2026\/05\/01\/el-feriado-arranco-con-alta-afluencia-en-salinas-y-balnearios-de-la-costa\/\" >\n\t\t\t\tEL FERIADO ARRANC\u00d3 CON ALTA AFLUENCIA EN SALINAS Y BALNEARIOS DE LA COSTA\t\t\t<\/a>\n\t\t<\/h3>\n\t\t\t\t<div class=\"elementor-post__excerpt\">\n\t\t\t<p>El sol acompa\u00f1\u00f3 a los miles de turistas que iniciaron el feriado en las playas ecuatorianas. Marjorie Vallejos viaj\u00f3 desde Ibarra a Salinas por primera vez con su esposo. \u201cTenemos planificado comer langosta, relajarnos y pasar tranquilos\u201d, cuenta. Jes\u00fas \u00c1vila a\u00f1ade: \u201cBonito, los precios se mantienen. Que vengan y disfruten\u201d. Salinas espera superar los 200 mil visitantes y ya registra un 80% de ocupaci\u00f3n, con proyecci\u00f3n del 100%.<\/p>\n<p>El alcalde Dennis C\u00f3rdova destaca el refuerzo de seguridad y una agenda variada: campeonatos de pesca infantil, v\u00f3ley, f\u00fatbol playero, nataci\u00f3n en aguas abiertas y un festival del encebollado. Los restaurantes no dan abasto. Hugo Perero, administrador de La Lojanita, afirma: \u201cRecibo de dos mil a tres mil comensales diarios. Lo m\u00e1s pedido: ceviche de langosta y banderas\u201d. En Playas (General Villamil), la ocupaci\u00f3n alcanza el 40% de sus 5.000 camas. Turistas optan por paseos en burro o banana.<\/p>\n\t\t<\/div>\n\t\t\n\t\t<a class=\"elementor-post__read-more\" href=\"https:\/\/elmercuriomanta.ec\/index.php\/2026\/05\/01\/el-feriado-arranco-con-alta-afluencia-en-salinas-y-balnearios-de-la-costa\/\" aria-label=\"Read more about EL FERIADO ARRANC\u00d3 CON ALTA AFLUENCIA EN SALINAS Y BALNEARIOS DE LA COSTA\" tabindex=\"-1\" >\n\t\t\tLeer m\u00e1s \u00bb\t\t<\/a>\n\n\t\t\t\t<\/div>\n\t\t\t\t<div class=\"elementor-post__meta-data\">\n\t\t\t\t\t<span class=\"elementor-post-date\">\n\t\t\tmayo 1, 2026\t\t<\/span>\n\t\t\t\t<\/div>\n\t\t\t\t\t<\/div>\n\t\t<\/article>\n\t\t\t\t<article class=\"elementor-post elementor-grid-item post-64993 post type-post status-publish format-standard has-post-thumbnail hentry category-noticia-del-dia\" role=\"listitem\">\n\t\t\t<div class=\"elementor-post__card\">\n\t\t\t\t<a class=\"elementor-post__thumbnail__link\" href=\"https:\/\/elmercuriomanta.ec\/index.php\/2026\/05\/01\/oleaje-en-ecuador-inocar-alerta-mar-agitado-durante-el-feriado\/\" tabindex=\"-1\" ><div class=\"elementor-post__thumbnail\"><img loading=\"lazy\" decoding=\"async\" width=\"300\" height=\"169\" src=\"https:\/\/elmercuriomanta.ec\/wp-content\/uploads\/2026\/05\/image-4-300x169.png\" class=\"attachment-medium size-medium wp-image-64994\" alt=\"\" srcset=\"https:\/\/elmercuriomanta.ec\/wp-content\/uploads\/2026\/05\/image-4-300x169.png 300w, https:\/\/elmercuriomanta.ec\/wp-content\/uploads\/2026\/05\/image-4-1024x576.png 1024w, https:\/\/elmercuriomanta.ec\/wp-content\/uploads\/2026\/05\/image-4-768x432.png 768w, https:\/\/elmercuriomanta.ec\/wp-content\/uploads\/2026\/05\/image-4.png 1200w\" sizes=\"(max-width: 300px) 100vw, 300px\" \/><\/div><\/a>\n\t\t\t\t<div class=\"elementor-post__text\">\n\t\t\t\t<h3 class=\"elementor-post__title\">\n\t\t\t<a href=\"https:\/\/elmercuriomanta.ec\/index.php\/2026\/05\/01\/oleaje-en-ecuador-inocar-alerta-mar-agitado-durante-el-feriado\/\" >\n\t\t\t\tOLEAJE EN ECUADOR: INOCAR ALERTA MAR AGITADO DURANTE EL FERIADO\t\t\t<\/a>\n\t\t<\/h3>\n\t\t\t\t<div class=\"elementor-post__excerpt\">\n\t\t\t<p>Quienes planeen viajar a las playas de Ecuador durante el feriado del 1 de mayo deben estar atentos: el Instituto Oceanogr\u00e1fico y Ant\u00e1rtico de la Armada (Inocar) advierte que habr\u00e1 oleaje agitado y mar revuelto entre el 1 y el 4 de mayo de 2026. Seg\u00fan el bolet\u00edn difundido el jueves 30 de abril, se espera el arribo de olas provenientes del Pac\u00edfico Sur, que impactar\u00e1n principalmente en Gal\u00e1pagos, Esmeraldas, Manab\u00ed y Santa Elena.<\/p>\n<p>\u201cDel 1 al 4 de mayo se espera un estado de mar agitado\u201d, se\u00f1ala el Inocar, que recomienda extremar precauciones: las olas romper\u00e1n con mayor fuerza y podr\u00edan generar corrientes de resaca. Estas corrientes son descritas por la instituci\u00f3n como \u201cun flujo intenso de agua que regresa de la orilla hacia el mar profundo con gran velocidad\u201d. Se forman cuando olas fuertes rompen sobre bancos de arena, \u201ccreando canales peligrosos que pueden arrastrar a los ba\u00f1istas mar adentro\u201d. Las olas m\u00e1s altas se registrar\u00e1n en Gal\u00e1pagos, con m\u00e1ximos de 1,80 metros y un intervalo de 16 segundos. En Santa Elena y Guayas alcanzar\u00e1n hasta 1,30 metros; en Esmeraldas y Manab\u00ed, entre 0,50 y 1,10 metros.<\/p>\n\t\t<\/div>\n\t\t\n\t\t<a class=\"elementor-post__read-more\" href=\"https:\/\/elmercuriomanta.ec\/index.php\/2026\/05\/01\/oleaje-en-ecuador-inocar-alerta-mar-agitado-durante-el-feriado\/\" aria-label=\"Read more about OLEAJE EN ECUADOR: INOCAR ALERTA MAR AGITADO DURANTE EL FERIADO\" tabindex=\"-1\" >\n\t\t\tLeer m\u00e1s \u00bb\t\t<\/a>\n\n\t\t\t\t<\/div>\n\t\t\t\t<div class=\"elementor-post__meta-data\">\n\t\t\t\t\t<span class=\"elementor-post-date\">\n\t\t\tmayo 1, 2026\t\t<\/span>\n\t\t\t\t<\/div>\n\t\t\t\t\t<\/div>\n\t\t<\/article>\n\t\t\t\t<\/div>\n\t\t\n\t\t\t\t\t\t<\/div>\n\t\t\t\t<\/div>\n\t\t\t\t<\/div>\n\t\t\t\t\t<\/div>\n\t\t\t\t<\/div>\n\t\t\t\t<\/div>\n\t\t","protected":false},"excerpt":{"rendered":"<p>M\u00c1S EDITORIALES M\u00c1S NOTICIAS<\/p>\n","protected":false},"author":1,"featured_media":0,"parent":0,"menu_order":0,"comment_status":"closed","ping_status":"closed","template":"","meta":{"footnotes":""},"class_list":["post-1462","page","type-page","status-publish","hentry"],"_links":{"self":[{"href":"https:\/\/elmercuriomanta.ec\/index.php\/wp-json\/wp\/v2\/pages\/1462","targetHints":{"allow":["GET"]}}],"collection":[{"href":"https:\/\/elmercuriomanta.ec\/index.php\/wp-json\/wp\/v2\/pages"}],"about":[{"href":"https:\/\/elmercuriomanta.ec\/index.php\/wp-json\/wp\/v2\/types\/page"}],"author":[{"embeddable":true,"href":"https:\/\/elmercuriomanta.ec\/index.php\/wp-json\/wp\/v2\/users\/1"}],"replies":[{"embeddable":true,"href":"https:\/\/elmercuriomanta.ec\/index.php\/wp-json\/wp\/v2\/comments?post=1462"}],"version-history":[{"count":0,"href":"https:\/\/elmercuriomanta.ec\/index.php\/wp-json\/wp\/v2\/pages\/1462\/revisions"}],"wp:attachment":[{"href":"https:\/\/elmercuriomanta.ec\/index.php\/wp-json\/wp\/v2\/media?parent=1462"}],"curies":[{"name":"wp","href":"https:\/\/api.w.org\/{rel}","templated":true}]}}